{"id":1174,"date":"2022-07-22T14:15:06","date_gmt":"2022-07-22T13:15:06","guid":{"rendered":"https:\/\/www.grupovima.com\/residencial-las-terrazas\/?page_id=1174"},"modified":"2022-07-22T22:00:39","modified_gmt":"2022-07-22T21:00:39","slug":"memoria-de-calidades-2","status":"publish","type":"page","link":"https:\/\/www.grupovima.com\/residencial-las-terrazas\/memoria-de-calidades-2\/","title":{"rendered":"Memoria de calidades"},"content":{"rendered":"<div class=\"wpb-content-wrapper\"><p>[vc_row][vc_column][vc_row_inner][vc_column_inner]\r\n<div id=\"ersspace-1\"><\/div><style type=\"text\/css\">#ersspace-1 { height: 180px; }\r\n@media handheld, only screen and (max-width: 767px) {\r\n\t#ersspace-1 { height: 30px; }\r\n}<\/style>[\/vc_column_inner][\/vc_row_inner][\/vc_column][\/vc_row][vc_row][vc_column width=\u00bb1\/2&#8243;][vc_column_text el_class=\u00bbdiv-planos\u00bb]<\/p>\n<h1 class=\"font-mr-medium\">16 VIVIENDAS\u00a0EN J\u00c1VEA CON GARAJE Y TRASTERO<\/h1>\n<h2 class=\"font-mr-regular\"><span class=\"green-color-2\">Situaci\u00f3n:<\/span> C\/ Benarribat (Jav\u00e9a)<br \/>\n<span class=\"green-color-2\">Promotor:<\/span> APOSAN, S.A.<\/h2>\n<p>[\/vc_column_text][\/vc_column][vc_column width=\u00bb1\/2&#8243;][\/vc_column][\/vc_row][vc_row full_width=\u00bbstretch_row\u00bb equal_height=\u00bbyes\u00bb content_placement=\u00bbbottom\u00bb css=\u00bb.vc_custom_1658523636487{background-image: url(https:\/\/www.grupovima.com\/residencial-las-terrazas\/wp-content\/uploads\/2022\/07\/residencial_terrazas_vista_general_rec.jpg?id=1198) !important;background-position: center !important;background-repeat: no-repeat !important;background-size: cover !important;}\u00bb][vc_column][vc_row_inner][vc_column_inner]\r\n<div id=\"ersspace-2\"><\/div><style type=\"text\/css\">#ersspace-2 { height: 650px; }\r\n@media handheld, only screen and (max-width: 1199px) {\r\n\t#ersspace-2 { height: 450px; }\r\n}\r\n@media handheld, only screen and (max-width: 767px) {\r\n\t#ersspace-2 { height: 300px; }\r\n}<\/style>[\/vc_column_inner][\/vc_row_inner][\/vc_column][\/vc_row][vc_row el_class=\u00bbbackgroud-full-left backgroud-full-responsive\u00bb][vc_column][vc_row_inner el_class=\u00bbdiv-bottom-0&#8243;][vc_column_inner width=\u00bb1\/2&#8243;][vc_column_text el_class=\u00bbdiv-planos\u00bb]<\/p>\n<h3 class=\"h3-title\"><span class=\"span3-title\">Urbanizaci\u00f3n interior<\/span><\/h3>\n<p>El proyecto cuenta con unas <strong>cuidadas zonas comunes<\/strong> pensadas para la comodidad y el disfrute de los propietarios: control de acceso, zonas ajardinadas, piscina con sol\u00e1rium, aparcamiento con <strong>preinstalaci\u00f3n de puntos de recarga<\/strong> para veh\u00edculos el\u00e9ctricos y <strong>trasteros individuales.<\/strong><\/p>\n<p>La<strong> piscina comunitaria<\/strong> tendr\u00e1 cloraci\u00f3n salina y contar\u00e1 con iluminaci\u00f3n nocturna. Las zonas verdes comunes contar\u00e1n con sistema de riego programable por goteo para asegurar un consumo responsable del agua.[\/vc_column_text][vc_column_text el_class=\u00bbdiv-planos\u00bb]<\/p>\n<h3 class=\"h3-title\"><span class=\"span3-title\">Seguridad<\/span><\/h3>\n<p><strong>Las viviendas<\/strong> contar\u00e1n con un <strong>sistema de seguridad y videovigilancia<\/strong> conectado a una central de alarmas con comunicaci\u00f3n directa con la Polic\u00eda[\/vc_column_text][vc_column_text el_class=\u00bbdiv-planos\u00bb]<\/p>\n<h3 class=\"h3-title\"><span class=\"span3-title\">Tu Vivienda<br \/>\n<\/span><\/h3>\n<p>En una <strong>urbanizaci\u00f3n exclusiva<\/strong>, con s\u00f3lo 16 viviendas que contar\u00e1n con una moderna distribuci\u00f3n con <strong>amplios salones con cocina integrada<\/strong>, lavadero independiente, dormitorios con armarios empotrados y dos o tres ba\u00f1os por vivienda. Con doble orientaci\u00f3n y por lo tanto con <strong>ventilaci\u00f3n cruzada<\/strong> y mucha <strong>iluminaci\u00f3n natural.<\/strong><\/p>\n<p>Todos los suelos de tu vivienda ser\u00e1n de <strong>gres porcel\u00e1nico<\/strong>, antideslizante en los ba\u00f1os y terrazas. Las paredes y falsos techos ser\u00e1n de yeso laminado (doble placa para tabiquer\u00eda <strong>con aislamiento t\u00e9rmico y ac\u00fastico<\/strong>) y se pintar\u00e1n con pintura pl\u00e1stica lisa de color claro. La divisi\u00f3n entre viviendas y zonas comunes contar\u00e1 adem\u00e1s con un muro de ladrillo cer\u00e1mico.[\/vc_column_text][vc_column_text el_class=\u00bbdiv-planos\u00bb]<\/p>\n<h3 class=\"h3-title\"><span class=\"span3-title\">Acceso a Internet<\/span><\/h3>\n<p>Ya sea para el ocio o para el trabajo, tu vivienda contar\u00e1 con la mejor conexi\u00f3n comunitaria a Internet de <strong>alta capacidad y<\/strong> redundante mediante <strong>fibra \u00f3ptica <\/strong>y conexi\u00f3n por sat\u00e9lite y <strong>tomas de internet<\/strong> <strong>en dormitorios y sal\u00f3n<\/strong> para asegurarte el mejor acceso mediante WiFi o cable en cualquier momento y lugar.[\/vc_column_text][vc_column_text el_class=\u00bbdiv-planos\u00bb]<\/p>\n<h3 class=\"h3-title\"><span class=\"span3-title\">Cocina integrada<br \/>\n<\/span><\/h3>\n<p>Cocinas pensadas para disfrutar con el resto de la familia y amigos, perfectamente equipadas y dise\u00f1adas para tu comodidad. Las cocinas se entregan totalmente amuebladas (muebles altos y bajos), con encimera de piedra artificial tipo Silestone y con electrodom\u00e9sticos (placa vitrocer\u00e1mica de inducci\u00f3n, horno el\u00e9ctrico, microondas, campana extractora y fregadero inox. con grifer\u00eda monomando)<\/p>\n<p>Suelo de gres porcel\u00e1nico que ofrece una gran resistencia frente a roturas y manchas.<\/p>\n<p>[\/vc_column_text][vc_column_text el_class=\u00bbdiv-planos\u00bb]<\/p>\n<h3 class=\"h3-title\"><span class=\"span3-title\">Ba\u00f1os<\/span><\/h3>\n<p>Todos los ba\u00f1os ir\u00e1n revestidos con gres porcel\u00e1nico de primera calidad y contar\u00e1n con modernos sanitarios de porcelana vitrificada blanca con <strong>grifer\u00eda monomando<\/strong> marca <strong>HANSGROHE<\/strong> o similar, plato de ducha, mampara y <strong>luminarias LED empotradas en techo.<\/strong><\/p>\n<p>En el ba\u00f1o principal la grifer\u00eda de ducha ser\u00e1 <strong>termost\u00e1tica.<\/strong> El el lavabo se entregar\u00e1 con mueble inferior y espejo, y el inodoro ir\u00e1 <strong>suspendido.<\/strong>[\/vc_column_text][vc_column_text el_class=\u00bbdiv-planos\u00bb]<\/p>\n<h3 class=\"h3-title\"><span class=\"span3-title\">Fontaner\u00eda y agua caliente<\/span><\/h3>\n<p>La vivienda dispondr\u00e1 de una llave de corte general, as\u00ed como la cocina y los ba\u00f1os que dispondr\u00e1n de llaves de corte individuales.<\/p>\n<p>Preinstalaci\u00f3n de riego por goteo con llave de corte independiente en jard\u00edn comunitario.<\/p>\n<p>La producci\u00f3n de agua caliente sanitaria se realizar\u00e1 mediante un equipo de <strong>aerotermia<\/strong> que asegura un bajo coste energ\u00e9tico.<\/p>\n<p><strong>AEROTERMIA \u2013<\/strong> Este sistema aprovecha el calor existente en el aire y lo transfiere al interior de la vivienda para proporcionar agua caliente sanitaria a trav\u00e9s de una bomba de calor con un alto nivel de eficiencia energ\u00e9tica y por lo tanto un <strong>reducido consumo.<\/strong> Aproximadamente el 60% del calor generado por la aerotermia es considerado<strong> energ\u00eda renovable<\/strong> por el intercambio de calor con el aire exterior y por tanto <strong>no supondr\u00e1 coste alguno para el usuario.<\/strong>[\/vc_column_text][vc_column_text el_class=\u00bbdiv-planos\u00bb]<\/p>\n<h3 class=\"h3-title\"><span class=\"span3-title\">Electricidad e iluminaci\u00f3n<\/span><\/h3>\n<p>La vivienda contar\u00e1 con la dotaci\u00f3n de tomas el\u00e9ctricas y telecomunicaciones establecidas por la norma, as\u00ed como un videoportero autom\u00e1tico con conectar\u00e1 con el acceso principal y el portal correspondiente.<\/p>\n<p>Mecanismos de electricidad en color blanco modelo Sim\u00f3n o similar. Iluminaci\u00f3n mediante <strong>luminarias LED empotradas en techo<\/strong> en cocina y ba\u00f1os. Tomas de TV, tel\u00e9fono y de red para internet en <strong>sal\u00f3n y dormitorios.<\/strong>[\/vc_column_text][\/vc_column_inner][vc_column_inner width=\u00bb1\/2&#8243;][vc_column_text el_class=\u00bbdiv-planos\u00bb]<\/p>\n<h3 class=\"h3-title\"><span class=\"span3-title\">Accesos<\/span><\/h3>\n<p>El acceso a la urbanizaci\u00f3n interior cuenta con sistema de <strong>videoportero<\/strong> y con un <strong>\u201clocker\u201d comunitario<\/strong> exterior para la recepci\u00f3n de pedidos.<\/p>\n<p>Todos los recorridos cuentan con <strong>rampas y anchura suficiente<\/strong> para facilitar el acceso y circulaci\u00f3n a personas con movilidad reducida. Los <strong>ascensores<\/strong> contar\u00e1n con <strong>acceso directo al garaje<\/strong> y tendr\u00e1n acabados en espejo y acero inoxidable, contando con alarma y servicio de telefon\u00eda para urgencias.<\/p>\n<p>La iluminaci\u00f3n de las zonas comunes se realizar\u00e1 con luminarias LED <strong>con detectores de presencia<\/strong> para reducir la contaminaci\u00f3n lum\u00ednica y el gasto en electricidad.[\/vc_column_text][vc_column_text el_class=\u00bbdiv-planos\u00bb]<\/p>\n<h3 class=\"h3-title\"><span class=\"span3-title\">Terrazas y sol\u00e1rium<\/span><\/h3>\n<p><strong>Grandes terrazas<\/strong> para disfrutar del maravilloso clima mediterr\u00e1neo y de unas puestas de sol sobre los huertos protegidos de J\u00e1vea, con el <strong>parque natural del Montg\u00f3<\/strong> como tel\u00f3n de fondo.<\/p>\n<p>Suelos de gres porcel\u00e1nico antideslizante y muros con revoco de mortero de cal.<\/p>\n<p>Las viviendas en planta baja cuentan con un <strong>jard\u00edn de uso privativo<\/strong> y los \u00e1ticos tienen unos <strong>impresionantes sol\u00e1rium con preciosas vistas.<\/strong><\/p>\n<p>Las terrazas cuentan con <strong>iluminaci\u00f3n, tomas de corriente y grifos de agua<\/strong> para facilitar el riego y la limpieza.[\/vc_column_text][vc_column_text el_class=\u00bbdiv-planos\u00bb]<\/p>\n<h3 class=\"h3-title\"><span class=\"span3-title\">Carpinter\u00eda exterior y vidrios<\/span><\/h3>\n<p>La carpinter\u00eda exterior es la pieza clave del aislamiento de una vivienda. Por eso, en nuestras viviendas s\u00f3lo utilizamos carpinter\u00edas de aluminio de color blanco con <strong>rotura de<\/strong> <strong>puente t\u00e9rmico y acristalamiento doble especial<\/strong> (3+3\/12\/6) que asegura las mejores prestaciones t\u00e9rmicas y ac\u00fasticas.<\/p>\n<p>Las persianas de dormitorios y sal\u00f3n ser\u00e1n de aluminio y estar\u00e1n<strong> motorizadas.<\/strong>[\/vc_column_text][vc_column_text el_class=\u00bbdiv-planos\u00bb]<\/p>\n<h3 class=\"h3-title\"><span class=\"span3-title\">Carpinter\u00eda interior<br \/>\n<\/span><\/h3>\n<p>Tu seguridad es lo m\u00e1s importante y por eso equipamos tu futura vivienda con una <strong>puerta de entrada acorazada<\/strong> con mirilla \u00f3ptica y <strong>cerradura de seguridad.<\/strong><\/p>\n<p>Las puertas de paso son de tablero DM lacadas en blanco y con manillas en color acero para darle un aspecto elegante y actual a tu nueva vivienda.<\/p>\n<p>Los <strong>armarios empotrados<\/strong> contar\u00e1n con <strong>puertas correderas<\/strong> lacadas en blanco y estar\u00e1n revestidos interiormente, con altillo maletero, barra de colgar y cajonera.[\/vc_column_text][vc_column_text el_class=\u00bbdiv-planos\u00bb]<\/p>\n<h3 class=\"h3-title\"><span class=\"span3-title\">Aislamiento t\u00e9rmico<\/span><\/h3>\n<p>Un buen aislamiento t\u00e9rmico asegura <strong>un gran confort<\/strong> y adem\u00e1s reduce de forma notable el consumo de energ\u00eda para climatizar la vivienda, lo cual repercute positivamente en el Medio Ambiente.<\/p>\n<p>Nuestras viviendas cuentan con las mejores soluciones t\u00e9cnicas y los mejores materiales para aislarlas de los cambios de temperatura exterior. Adem\u00e1s de las carpinter\u00edas exteriores, los muros exteriores y las cubiertas cuentan con <strong>aislamientos t\u00e9rmicos e impermeabilizaci\u00f3n<\/strong> para el caso de las cubiertas.[\/vc_column_text][vc_column_text el_class=\u00bbdiv-planos\u00bb]<\/p>\n<h3 class=\"h3-title\"><span class=\"span3-title\">Climatizaci\u00f3n<\/span><\/h3>\n<p>Para asegurar el m\u00e1ximo confort, la vivienda estar\u00e1 equipada con un sistema de calefacci\u00f3n por <strong>suelo radiante<\/strong> proporcionando un gran ahorro energ\u00e9tico gracias al alto coeficiente de conductiv\u00a1dad que se produce a trav\u00e9s del pavimento cer\u00e1mico, con una <strong>instalaci\u00f3n completa de aire acondicionado fr\u00edo\/calor<\/strong> por conductos sobre el techo con rejillas de impulsi\u00f3n en sal\u00f3n y dormitorios.<\/p>\n<p>Adem\u00e1s las viviendas cuentan con un sistema de v<strong>entilaci\u00f3n forzada con intercambiador de placas<\/strong> que mejora la calidad del aire interior y asegura la <strong>m\u00e1xima eficacia energ\u00e9tica.<\/strong><\/p>\n<p>[\/vc_column_text][vc_column_text el_class=\u00bbdiv-planos\u00bb]<\/p>\n<h3 class=\"h3-title\"><span class=\"span3-title\">Estructura y cimentaci\u00f3n<\/span><\/h3>\n<p>Estructura de hormig\u00f3n armado mediante forjado reticular y cimentaci\u00f3n mediante losa armada con pilotaje, todo ello asegurado mediante estrictos controles de calidad externos e independientes y por una <strong>p\u00f3liza de seguro decenal<\/strong> prestada por una compa\u00f1\u00eda aseguradora, de acuerdo a la normativa vigente.[\/vc_column_text][\/vc_column_inner][\/vc_row_inner][\/vc_column][\/vc_row][vc_row][vc_column][vc_row_inner][vc_column_inner]\r\n<div id=\"ersspace-3\"><\/div><style type=\"text\/css\">#ersspace-3 { height: 60px; }\r\n@media handheld, only screen and (max-width: 767px) {\r\n\t#ersspace-3 { height: 30px; }\r\n}<\/style>[\/vc_column_inner][\/vc_row_inner][\/vc_column][\/vc_row]<\/p>\n<\/div>","protected":false},"excerpt":{"rendered":"<p>[vc_row][vc_column][vc_row_inner][vc_column_inner][\/vc_column_inner][\/vc_row_inner][\/vc_column][\/vc_row][vc_row][vc_column width=\u00bb1\/2&#8243;][vc_column_text el_class=\u00bbdiv-planos\u00bb] 16 VIVIENDAS\u00a0EN J\u00c1VEA CON GARAJE Y TRASTERO Situaci\u00f3n: C\/ Benarribat (Jav\u00e9a) Promotor: APOSAN, S.A. [\/vc_column_text][\/vc_column][vc_column width=\u00bb1\/2&#8243;][\/vc_column][\/vc_row][vc_row full_width=\u00bbstretch_row\u00bb equal_height=\u00bbyes\u00bb content_placement=\u00bbbottom\u00bb css=\u00bb.vc_custom_1658523636487{background-image: url(https:\/\/www.grupovima.com\/residencial-las-terrazas\/wp-content\/uploads\/2022\/07\/residencial_terrazas_vista_general_rec.jpg?id=1198) !important;background-position: center<span class=\"excerpt-hellip\"> [\u2026]<\/span><\/p>\n","protected":false},"author":1,"featured_media":0,"parent":0,"menu_order":0,"comment_status":"closed","ping_status":"closed","template":"","meta":{"footnotes":""},"class_list":["post-1174","page","type-page","status-publish","hentry"],"yoast_head":"<!-- This site is optimized with the Yoast SEO plugin v24.5 - https:\/\/yoast.com\/wordpress\/plugins\/seo\/ -->\n<title>Residencial Las Terrazas - Viviendas - Apartamentos en J\u00e1vea - Memoria de calidades<\/title>\n<meta name=\"description\" content=\"Memoria de calidades de las Viviendas, Apartamentos, d\u00faplex y \u00e1ticos con terrazas, piscina, jard\u00edn y garaje en J\u00e1vea. Promoci\u00f3n inmobiliaria en J\u00e1vea.\" \/>\n<meta name=\"robots\" content=\"index, follow, max-snippet:-1, max-image-preview:large, max-video-preview:-1\" \/>\n<link rel=\"canonical\" href=\"https:\/\/www.grupovima.com\/residencial-las-terrazas\/memoria-de-calidades-2\/\" \/>\n<meta property=\"og:locale\" content=\"es_ES\" \/>\n<meta property=\"og:type\" content=\"article\" \/>\n<meta property=\"og:title\" content=\"Residencial Las Terrazas - Viviendas - Apartamentos en J\u00e1vea - Memoria de calidades\" \/>\n<meta property=\"og:description\" content=\"Memoria de calidades de las Viviendas, Apartamentos, d\u00faplex y \u00e1ticos con terrazas, piscina, jard\u00edn y garaje en J\u00e1vea. Promoci\u00f3n inmobiliaria en J\u00e1vea.\" \/>\n<meta property=\"og:url\" content=\"https:\/\/www.grupovima.com\/residencial-las-terrazas\/memoria-de-calidades-2\/\" \/>\n<meta property=\"og:site_name\" content=\"Grupo Vima\" \/>\n<meta property=\"article:modified_time\" content=\"2022-07-22T21:00:39+00:00\" \/>\n<meta property=\"og:image\" content=\"https:\/\/www.grupovima.com\/residencial-las-terrazas\/wp-content\/uploads\/2021\/08\/imagen_redes_sociales_web.jpg\" \/>\n<meta name=\"twitter:card\" content=\"summary_large_image\" \/>\n<meta name=\"twitter:label1\" content=\"Tiempo de lectura\" \/>\n\t<meta name=\"twitter:data1\" content=\"6 minutos\" \/>\n<script type=\"application\/ld+json\" class=\"yoast-schema-graph\">{\"@context\":\"https:\/\/schema.org\",\"@graph\":[{\"@type\":\"WebPage\",\"@id\":\"https:\/\/www.grupovima.com\/residencial-las-terrazas\/memoria-de-calidades-2\/\",\"url\":\"https:\/\/www.grupovima.com\/residencial-las-terrazas\/memoria-de-calidades-2\/\",\"name\":\"Residencial Las Terrazas - Viviendas - Apartamentos en J\u00e1vea - Memoria de calidades\",\"isPartOf\":{\"@id\":\"https:\/\/www.grupovima.com\/residencial-las-terrazas\/en\/#website\"},\"datePublished\":\"2022-07-22T13:15:06+00:00\",\"dateModified\":\"2022-07-22T21:00:39+00:00\",\"description\":\"Memoria de calidades de las Viviendas, Apartamentos, d\u00faplex y \u00e1ticos con terrazas, piscina, jard\u00edn y garaje en J\u00e1vea. Promoci\u00f3n inmobiliaria en J\u00e1vea.\",\"breadcrumb\":{\"@id\":\"https:\/\/www.grupovima.com\/residencial-las-terrazas\/memoria-de-calidades-2\/#breadcrumb\"},\"inLanguage\":\"es\",\"potentialAction\":[{\"@type\":\"ReadAction\",\"target\":[\"https:\/\/www.grupovima.com\/residencial-las-terrazas\/memoria-de-calidades-2\/\"]}]},{\"@type\":\"BreadcrumbList\",\"@id\":\"https:\/\/www.grupovima.com\/residencial-las-terrazas\/memoria-de-calidades-2\/#breadcrumb\",\"itemListElement\":[{\"@type\":\"ListItem\",\"position\":1,\"name\":\"Home\",\"item\":\"https:\/\/www.grupovima.com\/residencial-las-terrazas\/\"},{\"@type\":\"ListItem\",\"position\":2,\"name\":\"Memoria de calidades\"}]},{\"@type\":\"WebSite\",\"@id\":\"https:\/\/www.grupovima.com\/residencial-las-terrazas\/en\/#website\",\"url\":\"https:\/\/www.grupovima.com\/residencial-las-terrazas\/en\/\",\"name\":\"Grupo Vima\",\"description\":\"Construcci\u00f3n y venta de viviendas en J\u00e1vea,  Madrid y en la Costa Blanca\",\"potentialAction\":[{\"@type\":\"SearchAction\",\"target\":{\"@type\":\"EntryPoint\",\"urlTemplate\":\"https:\/\/www.grupovima.com\/residencial-las-terrazas\/en\/?s={search_term_string}\"},\"query-input\":{\"@type\":\"PropertyValueSpecification\",\"valueRequired\":true,\"valueName\":\"search_term_string\"}}],\"inLanguage\":\"es\"}]}<\/script>\n<!-- \/ Yoast SEO plugin. -->","yoast_head_json":{"title":"Residencial Las Terrazas - Viviendas - Apartamentos en J\u00e1vea - Memoria de calidades","description":"Memoria de calidades de las Viviendas, Apartamentos, d\u00faplex y \u00e1ticos con terrazas, piscina, jard\u00edn y garaje en J\u00e1vea. Promoci\u00f3n inmobiliaria en J\u00e1vea.","robots":{"index":"index","follow":"follow","max-snippet":"max-snippet:-1","max-image-preview":"max-image-preview:large","max-video-preview":"max-video-preview:-1"},"canonical":"https:\/\/www.grupovima.com\/residencial-las-terrazas\/memoria-de-calidades-2\/","og_locale":"es_ES","og_type":"article","og_title":"Residencial Las Terrazas - Viviendas - Apartamentos en J\u00e1vea - Memoria de calidades","og_description":"Memoria de calidades de las Viviendas, Apartamentos, d\u00faplex y \u00e1ticos con terrazas, piscina, jard\u00edn y garaje en J\u00e1vea. Promoci\u00f3n inmobiliaria en J\u00e1vea.","og_url":"https:\/\/www.grupovima.com\/residencial-las-terrazas\/memoria-de-calidades-2\/","og_site_name":"Grupo Vima","article_modified_time":"2022-07-22T21:00:39+00:00","og_image":[{"url":"https:\/\/www.grupovima.com\/residencial-las-terrazas\/wp-content\/uploads\/2021\/08\/imagen_redes_sociales_web.jpg","type":"","width":"","height":""}],"twitter_card":"summary_large_image","twitter_misc":{"Tiempo de lectura":"6 minutos"},"schema":{"@context":"https:\/\/schema.org","@graph":[{"@type":"WebPage","@id":"https:\/\/www.grupovima.com\/residencial-las-terrazas\/memoria-de-calidades-2\/","url":"https:\/\/www.grupovima.com\/residencial-las-terrazas\/memoria-de-calidades-2\/","name":"Residencial Las Terrazas - Viviendas - Apartamentos en J\u00e1vea - Memoria de calidades","isPartOf":{"@id":"https:\/\/www.grupovima.com\/residencial-las-terrazas\/en\/#website"},"datePublished":"2022-07-22T13:15:06+00:00","dateModified":"2022-07-22T21:00:39+00:00","description":"Memoria de calidades de las Viviendas, Apartamentos, d\u00faplex y \u00e1ticos con terrazas, piscina, jard\u00edn y garaje en J\u00e1vea. Promoci\u00f3n inmobiliaria en J\u00e1vea.","breadcrumb":{"@id":"https:\/\/www.grupovima.com\/residencial-las-terrazas\/memoria-de-calidades-2\/#breadcrumb"},"inLanguage":"es","potentialAction":[{"@type":"ReadAction","target":["https:\/\/www.grupovima.com\/residencial-las-terrazas\/memoria-de-calidades-2\/"]}]},{"@type":"BreadcrumbList","@id":"https:\/\/www.grupovima.com\/residencial-las-terrazas\/memoria-de-calidades-2\/#breadcrumb","itemListElement":[{"@type":"ListItem","position":1,"name":"Home","item":"https:\/\/www.grupovima.com\/residencial-las-terrazas\/"},{"@type":"ListItem","position":2,"name":"Memoria de calidades"}]},{"@type":"WebSite","@id":"https:\/\/www.grupovima.com\/residencial-las-terrazas\/en\/#website","url":"https:\/\/www.grupovima.com\/residencial-las-terrazas\/en\/","name":"Grupo Vima","description":"Construcci\u00f3n y venta de viviendas en J\u00e1vea,  Madrid y en la Costa Blanca","potentialAction":[{"@type":"SearchAction","target":{"@type":"EntryPoint","urlTemplate":"https:\/\/www.grupovima.com\/residencial-las-terrazas\/en\/?s={search_term_string}"},"query-input":{"@type":"PropertyValueSpecification","valueRequired":true,"valueName":"search_term_string"}}],"inLanguage":"es"}]}},"_links":{"self":[{"href":"https:\/\/www.grupovima.com\/residencial-las-terrazas\/wp-json\/wp\/v2\/pages\/1174","targetHints":{"allow":["GET"]}}],"collection":[{"href":"https:\/\/www.grupovima.com\/residencial-las-terrazas\/wp-json\/wp\/v2\/pages"}],"about":[{"href":"https:\/\/www.grupovima.com\/residencial-las-terrazas\/wp-json\/wp\/v2\/types\/page"}],"author":[{"embeddable":true,"href":"https:\/\/www.grupovima.com\/residencial-las-terrazas\/wp-json\/wp\/v2\/users\/1"}],"replies":[{"embeddable":true,"href":"https:\/\/www.grupovima.com\/residencial-las-terrazas\/wp-json\/wp\/v2\/comments?post=1174"}],"version-history":[{"count":19,"href":"https:\/\/www.grupovima.com\/residencial-las-terrazas\/wp-json\/wp\/v2\/pages\/1174\/revisions"}],"predecessor-version":[{"id":1200,"href":"https:\/\/www.grupovima.com\/residencial-las-terrazas\/wp-json\/wp\/v2\/pages\/1174\/revisions\/1200"}],"wp:attachment":[{"href":"https:\/\/www.grupovima.com\/residencial-las-terrazas\/wp-json\/wp\/v2\/media?parent=1174"}],"curies":[{"name":"wp","href":"https:\/\/api.w.org\/{rel}","templated":true}]}}