{"id":171,"date":"2017-08-21T12:28:14","date_gmt":"2017-08-21T11:28:14","guid":{"rendered":"http:\/\/grupovima.com\/?page_id=171"},"modified":"2025-02-19T12:48:59","modified_gmt":"2025-02-19T11:48:59","slug":"el-edificio-apartamentos-javea","status":"publish","type":"page","link":"https:\/\/www.grupovima.com\/residencial-las-terrazas\/el-edificio-apartamentos-javea\/","title":{"rendered":"El edificio"},"content":{"rendered":"<div class=\"wpb-content-wrapper\"><p>[vc_row full_width=\u00bbstretch_row\u00bb equal_height=\u00bbyes\u00bb css=\u00bb.vc_custom_1628585789383{background-position: center !important;background-repeat: no-repeat !important;background-size: cover !important;}\u00bb el_class=\u00bbvc_hidden-xs\u00bb][vc_column][vc_row_inner][vc_column_inner offset=\u00bbvc_hidden-xs\u00bb]\r\n<div id=\"ersspace-1\"><\/div><style type=\"text\/css\">#ersspace-1 { height: 40px; }\r\n@media handheld, only screen and (max-width: 767px) {\r\n\t#ersspace-1 { height: 0px; }\r\n}<\/style>[\/vc_column_inner][\/vc_row_inner][\/vc_column][\/vc_row][vc_row full_width=\u00bbstretch_row\u00bb el_class=\u00bbbackgroud-full-left- backgroud-full-responsive padding-0&#8243; css=\u00bb.vc_custom_1628586804871{background-image: url(https:\/\/www.grupovima.com\/residencial-las-terrazas\/wp-content\/uploads\/2021\/08\/franja_fondo.png?id=563) !important;}\u00bb][vc_column offset=\u00bbvc_hidden-xs\u00bb][vc_row_inner el_class=\u00bbdiv-bottom-0&#8243;][vc_column_inner]\r\n<div id=\"ersspace-2\"><\/div><style type=\"text\/css\">#ersspace-2 { height: 15px; }<\/style>[vc_single_image image=\u00bb561&#8243; img_size=\u00bbfull\u00bb alignment=\u00bbcenter\u00bb el_class=\u00bbdiv-bottom-0&#8243;][\/vc_column_inner][\/vc_row_inner][\/vc_column][\/vc_row][vc_row full_width=\u00bbstretch_row_content\u00bb el_class=\u00bbbackgroud-full-left- backgroud-full-responsive padding-0&#8243; css=\u00bb.vc_custom_1643730691586{background-color: #ebe9e8 !important;}\u00bb][vc_column offset=\u00bbvc_hidden-lg vc_hidden-md vc_hidden-sm\u00bb][vc_row_inner el_class=\u00bbdiv-bottom-0&#8243;][vc_column_inner]\r\n<div id=\"ersspace-3\"><\/div><style type=\"text\/css\">#ersspace-3 { height: 15px; }<\/style>[vc_single_image image=\u00bb561&#8243; img_size=\u00bbfull\u00bb alignment=\u00bbcenter\u00bb el_class=\u00bbdiv-bottom-0&#8243;][\/vc_column_inner][\/vc_row_inner][\/vc_column][\/vc_row][vc_row disable_element=\u00bbyes\u00bb][vc_column][vc_column_text]Una urbanizaci\u00f3n familiar en J\u00e1vea con todo lujo de detalles[\/vc_column_text][vc_row_inner][vc_column_inner width=\u00bb6\/12&#8243; css=\u00bb.vc_custom_1628593093153{background-position: 0 0 !important;background-repeat: no-repeat !important;}\u00bb][vc_column_text el_class=\u00bbdiv-vima-2&#8243;]<\/p>\n<div class=\"div-bg-gris\">\n<div class=\"div-bg-border\" style=\"text-align: right;\"><strong>El resultado de las cosas bien hechas:<\/strong><br \/>\nLlevamos m\u00e1s de 40 a\u00f1os construyendo viviendas en J\u00e1vea y en la Costa Blanca: nos gustan las cosas bien hechas.<br \/>\n<strong>En Residencial las Terrazas<\/strong> hemos puesto toda nuestra experiencia y toda nuestra obsesi\u00f3n por el <strong>cuidado de los detalles<\/strong> y los acabados; con un <strong>dise\u00f1o muy especial<\/strong> y unos ambientes y zonas que invitan a disfrutar en J\u00e1vea de la vida.<\/div>\n<\/div>\n<p>[\/vc_column_text][vc_column_text el_class=\u00bbdiv-vima-2&#8243;]<\/p>\n<div class=\"div-bg-gris\">\n<div class=\"div-bg-border\" style=\"text-align: right;\">\u00bfTerrazas abiertas a los <strong>huertos del Arenal<\/strong>? \u00bf\u00c1ticos <strong>con solarium<\/strong>?<br \/>\n\u00bfO bajos con porches <strong>ajardinados<\/strong>?<br \/>\nEn cualquiera de ellos, los aromas de los frutales bajan por los caminos que llevan desde los huertos hasta el casco antiguo de J\u00e1vea y <strong>el Montg\u00f3, al norte<\/strong>. Todas las viviendas tienen enfrente un tapiz de caminos y <strong>vergeles protegidos<\/strong>.<br \/>\nDif\u00edcil elecci\u00f3n.<\/div>\n<\/div>\n<p>[\/vc_column_text][\/vc_column_inner][vc_column_inner width=\u00bb3\/12&#8243;][vc_column_text]<\/p>\n<div class=\"div-list\">\n<div><span class=\"list-icon\">1<\/span><strong>Garaje<\/strong> y trasteros , con acceso directo a planta desde ascensor<\/div>\n<div><span class=\"list-icon\">2<\/span><strong>Piscina<\/strong> iluminada exclusiva, para adultos y ni\u00f1os<\/div>\n<div><span class=\"list-icon\">3<\/span><strong>Amplias terrazas<\/strong> en todas las viviendas, orientadas a la zona de los huertos y al Montg\u00f3<\/div>\n<div><span class=\"list-icon\">4<\/span> <strong>\u00c1ticos<\/strong> espectaculares con solarium<\/div>\n<\/div>\n<p>[\/vc_column_text][\/vc_column_inner][vc_column_inner width=\u00bb3\/12&#8243;][vc_column_text css=\u00bb\u00bb]<\/p>\n<div class=\"div-list\">\n<div><span class=\"list-icon\">5<\/span>Bajos con <strong>zonas ajardinadas<\/strong><\/div>\n<div><span class=\"list-icon\">6<\/span><strong>Urbanizaci\u00f3n privada<\/strong> con zona ajardinada perimetral<\/div>\n<div><span class=\"list-icon\">7.<\/span><strong>Dise\u00f1o arquitect\u00f3nico<\/strong> muy cuidado en formas, acabados y detalles<\/div>\n<\/div>\n<p>[\/vc_column_text][\/vc_column_inner][\/vc_row_inner][\/vc_column][\/vc_row][vc_row disable_element=\u00bbyes\u00bb][vc_column][vc_column_text][\/vc_column_text][vc_row_inner][vc_column_inner el_class=\u00bbdiv-terrazas-huertos\u00bb width=\u00bb6\/12&#8243; css=\u00bb.vc_custom_1628590041645{background-image: url(https:\/\/www.grupovima.com\/residencial-las-terrazas\/wp-content\/uploads\/2021\/08\/fondo_texto.png?id=562) !important;background-position: 0 0 !important;background-repeat: no-repeat !important;}\u00bb][vc_column_text el_class=\u00bbdiv-vima-2&#8243;]\u00bfTerrazas abiertas a los <strong>huertos del Arenal<\/strong>? \u00bf\u00c1ticos <strong>con solarium<\/strong>?<br \/>\n\u00bfO bajos con porches <strong>ajardinados<\/strong>?<br \/>\nEn cualquiera de ellos, los aromas de los frutales bajan por los caminos que llevan desde los huertos hasta el casco antiguo de J\u00e1vea y <strong>el Montg\u00f3, al norte<\/strong>. Todas las viviendas tienen enfrente un tapiz de caminos y <strong>vergeles protegidos<\/strong>. Dif\u00edcil elecci\u00f3n.[\/vc_column_text]\r\n<div id=\"ersspace-4\"><\/div><style type=\"text\/css\">#ersspace-4 { height: 25px; }<\/style>[\/vc_column_inner][vc_column_inner width=\u00bb3\/12&#8243;][\/vc_column_inner][vc_column_inner width=\u00bb3\/12&#8243;][\/vc_column_inner][\/vc_row_inner][\/vc_column][\/vc_row]<\/p>\n<\/div>","protected":false},"excerpt":{"rendered":"<p>[vc_row full_width=\u00bbstretch_row\u00bb equal_height=\u00bbyes\u00bb css=\u00bb.vc_custom_1628585789383{background-position: center !important;background-repeat: no-repeat !important;background-size: cover !important;}\u00bb el_class=\u00bbvc_hidden-xs\u00bb][vc_column][vc_row_inner][vc_column_inner offset=\u00bbvc_hidden-xs\u00bb][\/vc_column_inner][\/vc_row_inner][\/vc_column][\/vc_row][vc_row full_width=\u00bbstretch_row\u00bb el_class=\u00bbbackgroud-full-left- backgroud-full-responsive padding-0&#8243; css=\u00bb.vc_custom_1628586804871{background-image: url(https:\/\/www.grupovima.com\/residencial-las-terrazas\/wp-content\/uploads\/2021\/08\/franja_fondo.png?id=563) !important;}\u00bb][vc_column offset=\u00bbvc_hidden-xs\u00bb][vc_row_inner el_class=\u00bbdiv-bottom-0&#8243;][vc_column_inner][vc_single_image image=\u00bb561&#8243; img_size=\u00bbfull\u00bb alignment=\u00bbcenter\u00bb el_class=\u00bbdiv-bottom-0&#8243;][\/vc_column_inner][\/vc_row_inner][\/vc_column][\/vc_row][vc_row full_width=\u00bbstretch_row_content\u00bb<span class=\"excerpt-hellip\"> [\u2026]<\/span><\/p>\n","protected":false},"author":1,"featured_media":0,"parent":0,"menu_order":0,"comment_status":"closed","ping_status":"closed","template":"page-edificio.php","meta":{"footnotes":""},"class_list":["post-171","page","type-page","status-publish","hentry"],"yoast_head":"<!-- This site is optimized with the Yoast SEO plugin v24.5 - https:\/\/yoast.com\/wordpress\/plugins\/seo\/ -->\n<title>Residencial Las Terrazas - Viviendas - Apartamentos en J\u00e1vea - Edificio<\/title>\n<meta name=\"description\" content=\"Un edificio con apartamentos, d\u00faplex y \u00e1ticos con terrazas, piscina, jard\u00edn y garaje en J\u00e1vea. Residencial Las Terrazas. Promoci\u00f3n inmobiliaria en J\u00e1vea.\" \/>\n<meta name=\"robots\" content=\"index, follow, max-snippet:-1, max-image-preview:large, max-video-preview:-1\" \/>\n<link rel=\"canonical\" href=\"https:\/\/www.grupovima.com\/residencial-las-terrazas\/el-edificio-apartamentos-javea\/\" \/>\n<meta property=\"og:locale\" content=\"es_ES\" \/>\n<meta property=\"og:type\" content=\"article\" \/>\n<meta property=\"og:title\" content=\"Residencial Las Terrazas - Viviendas - Apartamentos en J\u00e1vea - Edificio\" \/>\n<meta property=\"og:description\" content=\"Un edificio con apartamentos, d\u00faplex y \u00e1ticos con terrazas, piscina, jard\u00edn y garaje en J\u00e1vea. Residencial Las Terrazas. Promoci\u00f3n inmobiliaria en J\u00e1vea.\" \/>\n<meta property=\"og:url\" content=\"https:\/\/www.grupovima.com\/residencial-las-terrazas\/el-edificio-apartamentos-javea\/\" \/>\n<meta property=\"og:site_name\" content=\"Grupo Vima\" \/>\n<meta property=\"article:modified_time\" content=\"2025-02-19T11:48:59+00:00\" \/>\n<meta property=\"og:image\" content=\"https:\/\/www.grupovima.com\/residencial-las-terrazas\/wp-content\/uploads\/2021\/08\/imagen_redes_sociales_web.jpg\" \/>\n<meta name=\"twitter:card\" content=\"summary_large_image\" \/>\n<meta name=\"twitter:title\" content=\"Edificio - Grupo VIMA - Terrazas de las Marinas - Costa Blanca\" \/>\n<meta name=\"twitter:label1\" content=\"Tiempo de lectura\" \/>\n\t<meta name=\"twitter:data1\" content=\"2 minutos\" \/>\n<script type=\"application\/ld+json\" class=\"yoast-schema-graph\">{\"@context\":\"https:\/\/schema.org\",\"@graph\":[{\"@type\":\"WebPage\",\"@id\":\"https:\/\/www.grupovima.com\/residencial-las-terrazas\/el-edificio-apartamentos-javea\/\",\"url\":\"https:\/\/www.grupovima.com\/residencial-las-terrazas\/el-edificio-apartamentos-javea\/\",\"name\":\"Residencial Las Terrazas - Viviendas - Apartamentos en J\u00e1vea - Edificio\",\"isPartOf\":{\"@id\":\"https:\/\/www.grupovima.com\/residencial-las-terrazas\/en\/#website\"},\"datePublished\":\"2017-08-21T11:28:14+00:00\",\"dateModified\":\"2025-02-19T11:48:59+00:00\",\"description\":\"Un edificio con apartamentos, d\u00faplex y \u00e1ticos con terrazas, piscina, jard\u00edn y garaje en J\u00e1vea. Residencial Las Terrazas. Promoci\u00f3n inmobiliaria en J\u00e1vea.\",\"breadcrumb\":{\"@id\":\"https:\/\/www.grupovima.com\/residencial-las-terrazas\/el-edificio-apartamentos-javea\/#breadcrumb\"},\"inLanguage\":\"es\",\"potentialAction\":[{\"@type\":\"ReadAction\",\"target\":[\"https:\/\/www.grupovima.com\/residencial-las-terrazas\/el-edificio-apartamentos-javea\/\"]}]},{\"@type\":\"BreadcrumbList\",\"@id\":\"https:\/\/www.grupovima.com\/residencial-las-terrazas\/el-edificio-apartamentos-javea\/#breadcrumb\",\"itemListElement\":[{\"@type\":\"ListItem\",\"position\":1,\"name\":\"Home\",\"item\":\"https:\/\/www.grupovima.com\/residencial-las-terrazas\/\"},{\"@type\":\"ListItem\",\"position\":2,\"name\":\"El edificio\"}]},{\"@type\":\"WebSite\",\"@id\":\"https:\/\/www.grupovima.com\/residencial-las-terrazas\/en\/#website\",\"url\":\"https:\/\/www.grupovima.com\/residencial-las-terrazas\/en\/\",\"name\":\"Grupo Vima\",\"description\":\"Construcci\u00f3n y venta de viviendas en J\u00e1vea,  Madrid y en la Costa Blanca\",\"potentialAction\":[{\"@type\":\"SearchAction\",\"target\":{\"@type\":\"EntryPoint\",\"urlTemplate\":\"https:\/\/www.grupovima.com\/residencial-las-terrazas\/en\/?s={search_term_string}\"},\"query-input\":{\"@type\":\"PropertyValueSpecification\",\"valueRequired\":true,\"valueName\":\"search_term_string\"}}],\"inLanguage\":\"es\"}]}<\/script>\n<!-- \/ Yoast SEO plugin. -->","yoast_head_json":{"title":"Residencial Las Terrazas - Viviendas - Apartamentos en J\u00e1vea - Edificio","description":"Un edificio con apartamentos, d\u00faplex y \u00e1ticos con terrazas, piscina, jard\u00edn y garaje en J\u00e1vea. Residencial Las Terrazas. Promoci\u00f3n inmobiliaria en J\u00e1vea.","robots":{"index":"index","follow":"follow","max-snippet":"max-snippet:-1","max-image-preview":"max-image-preview:large","max-video-preview":"max-video-preview:-1"},"canonical":"https:\/\/www.grupovima.com\/residencial-las-terrazas\/el-edificio-apartamentos-javea\/","og_locale":"es_ES","og_type":"article","og_title":"Residencial Las Terrazas - Viviendas - Apartamentos en J\u00e1vea - Edificio","og_description":"Un edificio con apartamentos, d\u00faplex y \u00e1ticos con terrazas, piscina, jard\u00edn y garaje en J\u00e1vea. Residencial Las Terrazas. Promoci\u00f3n inmobiliaria en J\u00e1vea.","og_url":"https:\/\/www.grupovima.com\/residencial-las-terrazas\/el-edificio-apartamentos-javea\/","og_site_name":"Grupo Vima","article_modified_time":"2025-02-19T11:48:59+00:00","og_image":[{"url":"https:\/\/www.grupovima.com\/residencial-las-terrazas\/wp-content\/uploads\/2021\/08\/imagen_redes_sociales_web.jpg","type":"","width":"","height":""}],"twitter_card":"summary_large_image","twitter_title":"Edificio - Grupo VIMA - Terrazas de las Marinas - Costa Blanca","twitter_misc":{"Tiempo de lectura":"2 minutos"},"schema":{"@context":"https:\/\/schema.org","@graph":[{"@type":"WebPage","@id":"https:\/\/www.grupovima.com\/residencial-las-terrazas\/el-edificio-apartamentos-javea\/","url":"https:\/\/www.grupovima.com\/residencial-las-terrazas\/el-edificio-apartamentos-javea\/","name":"Residencial Las Terrazas - Viviendas - Apartamentos en J\u00e1vea - Edificio","isPartOf":{"@id":"https:\/\/www.grupovima.com\/residencial-las-terrazas\/en\/#website"},"datePublished":"2017-08-21T11:28:14+00:00","dateModified":"2025-02-19T11:48:59+00:00","description":"Un edificio con apartamentos, d\u00faplex y \u00e1ticos con terrazas, piscina, jard\u00edn y garaje en J\u00e1vea. Residencial Las Terrazas. Promoci\u00f3n inmobiliaria en J\u00e1vea.","breadcrumb":{"@id":"https:\/\/www.grupovima.com\/residencial-las-terrazas\/el-edificio-apartamentos-javea\/#breadcrumb"},"inLanguage":"es","potentialAction":[{"@type":"ReadAction","target":["https:\/\/www.grupovima.com\/residencial-las-terrazas\/el-edificio-apartamentos-javea\/"]}]},{"@type":"BreadcrumbList","@id":"https:\/\/www.grupovima.com\/residencial-las-terrazas\/el-edificio-apartamentos-javea\/#breadcrumb","itemListElement":[{"@type":"ListItem","position":1,"name":"Home","item":"https:\/\/www.grupovima.com\/residencial-las-terrazas\/"},{"@type":"ListItem","position":2,"name":"El edificio"}]},{"@type":"WebSite","@id":"https:\/\/www.grupovima.com\/residencial-las-terrazas\/en\/#website","url":"https:\/\/www.grupovima.com\/residencial-las-terrazas\/en\/","name":"Grupo Vima","description":"Construcci\u00f3n y venta de viviendas en J\u00e1vea,  Madrid y en la Costa Blanca","potentialAction":[{"@type":"SearchAction","target":{"@type":"EntryPoint","urlTemplate":"https:\/\/www.grupovima.com\/residencial-las-terrazas\/en\/?s={search_term_string}"},"query-input":{"@type":"PropertyValueSpecification","valueRequired":true,"valueName":"search_term_string"}}],"inLanguage":"es"}]}},"_links":{"self":[{"href":"https:\/\/www.grupovima.com\/residencial-las-terrazas\/wp-json\/wp\/v2\/pages\/171","targetHints":{"allow":["GET"]}}],"collection":[{"href":"https:\/\/www.grupovima.com\/residencial-las-terrazas\/wp-json\/wp\/v2\/pages"}],"about":[{"href":"https:\/\/www.grupovima.com\/residencial-las-terrazas\/wp-json\/wp\/v2\/types\/page"}],"author":[{"embeddable":true,"href":"https:\/\/www.grupovima.com\/residencial-las-terrazas\/wp-json\/wp\/v2\/users\/1"}],"replies":[{"embeddable":true,"href":"https:\/\/www.grupovima.com\/residencial-las-terrazas\/wp-json\/wp\/v2\/comments?post=171"}],"version-history":[{"count":129,"href":"https:\/\/www.grupovima.com\/residencial-las-terrazas\/wp-json\/wp\/v2\/pages\/171\/revisions"}],"predecessor-version":[{"id":804,"href":"https:\/\/www.grupovima.com\/residencial-las-terrazas\/wp-json\/wp\/v2\/pages\/171\/revisions\/804"}],"wp:attachment":[{"href":"https:\/\/www.grupovima.com\/residencial-las-terrazas\/wp-json\/wp\/v2\/media?parent=171"}],"curies":[{"name":"wp","href":"https:\/\/api.w.org\/{rel}","templated":true}]}}