{"id":312,"date":"2017-08-22T10:48:28","date_gmt":"2017-08-22T09:48:28","guid":{"rendered":"http:\/\/grupovima.com\/?page_id=312"},"modified":"2023-03-02T18:24:42","modified_gmt":"2023-03-02T17:24:42","slug":"viviendas-javea","status":"publish","type":"page","link":"https:\/\/www.grupovima.com\/residencial-las-terrazas\/viviendas-javea\/","title":{"rendered":"Viviendas"},"content":{"rendered":"<div class=\"wpb-content-wrapper\"><p>[vc_row][vc_column][vc_row_inner][vc_column_inner]\r\n<div id=\"ersspace-1\"><\/div><style type=\"text\/css\">#ersspace-1 { height: 130px; }\r\n@media handheld, only screen and (max-width: 767px) {\r\n\t#ersspace-1 { height: 1px; }\r\n}<\/style>[\/vc_column_inner][\/vc_row_inner][\/vc_column][\/vc_row][vc_row][vc_column width=\u00bb2\/12&#8243;][\/vc_column][vc_column width=\u00bb8\/12&#8243;][vc_column_text]<\/p>\n<p class=\"s-description\">En nuestra promoci\u00f3n de <strong>obra nueva en J\u00e1vea<\/strong> tenemos desde <strong>\u00e1ticos<\/strong> hasta bajos con <strong>jard\u00edn<\/strong>; si busca una amplia vivienda en J\u00e1vea, las tenemos con <strong>terrazas<\/strong> espectaculares. Y para aquellos que prefieren un <strong>apartamento<\/strong> en J\u00e1vea funcional, ofrecemos unos de 2 dormitorios muy luminosos.<\/p>\n<p>[\/vc_column_text][\/vc_column][vc_column width=\u00bb2\/12&#8243;][\/vc_column][\/vc_row][vc_row][vc_column offset=\u00bbvc_hidden-sm vc_hidden-xs\u00bb][vc_single_image image=\u00bb835&#8243; img_size=\u00bbfull\u00bb alignment=\u00bbcenter\u00bb][\/vc_column][\/vc_row][vc_row][vc_column offset=\u00bbvc_hidden-lg vc_hidden-md\u00bb][vc_single_image image=\u00bb834&#8243; img_size=\u00bbfull\u00bb alignment=\u00bbcenter\u00bb][\/vc_column][\/vc_row][vc_row][vc_column width=\u00bb1\/2&#8243;][vc_column_text el_class=\u00bbdiv-planos\u00bb]<\/p>\n<div class=\"div-text-planos\">\n<h1 class=\"div-text-planos-h1\"><del><strong>\u00c1ticos de 4 dormitorios<\/strong> con terrazas,<\/del><\/h1>\n<h2 class=\"div-text-planos-h2\"><del>solarium y 2 p\u00e9rgolas: desde 473.000\u20ac <\/del><span class=\"font-iva\" style=\"font-size: 16px;\"><del>(*<\/del>)\u00a0\u00a0 <\/span><strong>-VENDIDOS-<\/strong><\/h2>\n<\/div>\n<p>[\/vc_column_text][\/vc_column][vc_column width=\u00bb1\/2&#8243;][\/vc_column][\/vc_row][vc_row full_width=\u00bbstretch_row\u00bb equal_height=\u00bbyes\u00bb content_placement=\u00bbbottom\u00bb css=\u00bb.vc_custom_1658244867547{background-image: url(https:\/\/www.grupovima.com\/residencial-las-terrazas\/wp-content\/uploads\/2022\/07\/atico_con_terraza_en_javea.jpg?id=1143) !important;background-position: center !important;background-repeat: no-repeat !important;background-size: cover !important;}\u00bb][vc_column][vc_row_inner][vc_column_inner]\r\n<div id=\"ersspace-2\"><\/div><style type=\"text\/css\">#ersspace-2 { height: 650px; }\r\n@media handheld, only screen and (max-width: 1199px) {\r\n\t#ersspace-2 { height: 450px; }\r\n}\r\n@media handheld, only screen and (max-width: 767px) {\r\n\t#ersspace-2 { height: 300px; }\r\n}<\/style>[\/vc_column_inner][\/vc_row_inner][\/vc_column][\/vc_row][vc_row full_width=\u00bbstretch_row\u00bb css=\u00bb.vc_custom_1628848501591{background-image: url(https:\/\/www.grupovima.com\/residencial-las-terrazas\/wp-content\/uploads\/2021\/08\/franja_planos.png?id=687) !important;}\u00bb el_class=\u00bbbackgroud-full-right backgroud-full-responsive div-top-0&#8243;][vc_column offset=\u00bbvc_hidden-xs\u00bb][vc_row_inner el_class=\u00bbdiv-bottom-0&#8243;][vc_column_inner width=\u00bb1\/3&#8243;][vc_single_image image=\u00bb767&#8243; img_size=\u00bbfull\u00bb el_class=\u00bbdiv-bottom-0&#8243;][\/vc_column_inner][vc_column_inner width=\u00bb1\/3&#8243;][vc_column_text el_class=\u00bbdiv-vima-2&#8243;]<\/p>\n<div class=\"div-bg-gris div-bg-gris-font-small\">\n<div class=\"div-bg-border\" style=\"text-align: right;\">\n<p style=\"text-align: left;\">En <strong>los \u00e1ticos<\/strong>, todos los ambientes dan <strong>al exterior<\/strong>, ya sea con amplios ventanales o a las terrazas, inundando con la luz de J\u00e1vea el sal\u00f3n, la cocina y los dormitorios.<br \/>\nLas <strong>cocinas americanas<\/strong>, aumentan, si cabe, esa sensaci\u00f3n de amplitud y la luminosidad.<\/p>\n<p style=\"text-align: left;\">Superf. constru\u00edda: <strong>147m2<\/strong><br \/>\nSuperf. \u00fatil: <strong>108 m2<\/strong><br \/>\nSup. terrazas y p\u00e9rgolas: <strong>167 m2<\/strong><\/p>\n<\/div>\n<\/div>\n<p>[\/vc_column_text][vc_column_text]<\/p>\n<div style=\"text-align: center;\">\n<h3 class=\"h3-title-link\"><a href=\"https:\/\/www.grupovima.com\/residencial-las-terrazas\/contacto\/\"><span class=\"span3-title\">Solicitar m\u00e1s informaci\u00f3n &gt;<\/span><\/a><\/h3>\n<\/div>\n<p>[\/vc_column_text][\/vc_column_inner][vc_column_inner width=\u00bb1\/3&#8243;][vc_single_image image=\u00bb769&#8243; img_size=\u00bbfull\u00bb el_class=\u00bbdiv-bottom-0&#8243;][\/vc_column_inner][\/vc_row_inner][\/vc_column][\/vc_row][vc_row full_width=\u00bbstretch_row\u00bb css=\u00bb.vc_custom_1628848501591{background-image: url(https:\/\/www.grupovima.com\/residencial-las-terrazas\/wp-content\/uploads\/2021\/08\/franja_planos.png?id=687) !important;}\u00bb el_class=\u00bbbackgroud-full-right backgroud-full-responsive div-top-0&#8243;][vc_column offset=\u00bbvc_hidden-lg vc_hidden-md vc_hidden-sm\u00bb][vc_row_inner el_class=\u00bbdiv-bottom-0&#8243;][vc_column_inner width=\u00bb1\/3&#8243;][vc_single_image image=\u00bb767&#8243; img_size=\u00bbfull\u00bb el_class=\u00bbdiv-bottom-0&#8243;][\/vc_column_inner][vc_column_inner width=\u00bb1\/3&#8243;][vc_single_image image=\u00bb769&#8243; img_size=\u00bbfull\u00bb el_class=\u00bbdiv-bottom-0&#8243;][\/vc_column_inner][vc_column_inner width=\u00bb1\/3&#8243;][vc_column_text el_class=\u00bbdiv-vima-2&#8243;]<\/p>\n<div class=\"div-bg-gris div-bg-gris-font-small\">\n<div class=\"div-bg-border\" style=\"text-align: right;\">\n<p style=\"text-align: left;\">En <strong>los \u00e1ticos<\/strong>, todos los ambientes dan <strong>al exterior<\/strong>, ya sea con amplios ventanales o a las terrazas, inundando con la luz de J\u00e1vea el sal\u00f3n, la cocina y los dormitorios.<br \/>\nLas <strong>cocinas americanas<\/strong>, aumentan, si cabe, esa sensaci\u00f3n de amplitud y la luminosidad.<\/p>\n<p style=\"text-align: left;\">Superf. constru\u00edda: <strong>147m2<\/strong><br \/>\nSuperf. \u00fatil: <strong>108 m2<\/strong><br \/>\nSup. terrazas y p\u00e9rgolas: <strong>167 m2<\/strong><\/p>\n<\/div>\n<\/div>\n<p>[\/vc_column_text][vc_column_text]<\/p>\n<div style=\"text-align: center;\">\n<h3 class=\"h3-title-link\"><a href=\"https:\/\/www.grupovima.com\/residencial-las-terrazas\/contacto\/\"><span class=\"span3-title\">Solicitar m\u00e1s informaci\u00f3n &gt;<\/span><\/a><\/h3>\n<\/div>\n<p>[\/vc_column_text][\/vc_column_inner][\/vc_row_inner][\/vc_column][\/vc_row][vc_row][vc_column]\r\n<div id=\"ersspace-3\"><\/div><style type=\"text\/css\">#ersspace-3 { height: 20px; }\r\n@media handheld, only screen and (max-width: 767px) {\r\n\t#ersspace-3 { height: 1px; }\r\n}<\/style>[\/vc_column][\/vc_row][vc_row][vc_column width=\u00bb1\/2&#8243;][vc_column_text el_class=\u00bbdiv-planos\u00bb]<\/p>\n<div class=\"div-text-planos\">\n<h1 class=\"div-text-planos-h1\"><del><strong>\u00c1ticos de 3 dormitorios<\/strong> con terrazas,<\/del><\/h1>\n<h2 class=\"div-text-planos-h2\"><del>solarium y 2 p\u00e9rgolas: desde 433.000\u20ac <\/del><span class=\"font-iva\" style=\"font-size: 16px;\"><del>(*<\/del>) <\/span><strong>-VENDIDOS-<\/strong><\/h2>\n<h2 class=\"div-text-planos-h2\"><span class=\"font-iva\" style=\"font-size: 16px;\">\u00a0<\/span><\/h2>\n<\/div>\n<p>[\/vc_column_text][\/vc_column][vc_column width=\u00bb1\/2&#8243;][\/vc_column][\/vc_row][vc_row full_width=\u00bbstretch_row\u00bb css=\u00bb.vc_custom_1628848509240{background-image: url(https:\/\/www.grupovima.com\/residencial-las-terrazas\/wp-content\/uploads\/2021\/08\/franja_planos.png?id=687) !important;}\u00bb el_class=\u00bbbackgroud-full-right backgroud-full-responsive div-top-0&#8243;][vc_column offset=\u00bbvc_hidden-xs\u00bb][vc_row_inner el_class=\u00bbdiv-bottom-0&#8243;][vc_column_inner width=\u00bb1\/3&#8243;][vc_single_image image=\u00bb771&#8243; img_size=\u00bbfull\u00bb el_class=\u00bbdiv-bottom-0&#8243;][\/vc_column_inner][vc_column_inner width=\u00bb1\/3&#8243;][vc_column_text el_class=\u00bbdiv-vima-2&#8243;]<\/p>\n<div class=\"div-bg-gris div-bg-gris-font-small\">\n<div class=\"div-bg-border\" style=\"text-align: left;\">\n<p>Desde los salones, abiertos a las terrazas <strong>apergoladas<\/strong>, se accede a la terraza superior, con <strong>espectaculares vistas al Montg\u00f3<\/strong> de J\u00e1vea.<br \/>\nEn la parte superior, la terraza se extiende de forma di\u00e1fana <strong>alrededor de una p\u00e9rgola central.<\/strong><br \/>\nIncluye garaje y trasteros con acceso directo a la planta.<\/p>\n<p>Superf. constru\u00edda: <strong>110 m2<\/strong><br \/>\nSuperf. \u00fatil: <strong>81 m2<\/strong><br \/>\nSup. terrazas y p\u00e9rgolas: <strong>112 m2<\/strong><\/p>\n<\/div>\n<\/div>\n<p>[\/vc_column_text][vc_column_text]<\/p>\n<div style=\"text-align: center;\">\n<h3 class=\"h3-title-link\"><a href=\"https:\/\/www.grupovima.com\/residencial-las-terrazas\/contacto\/\"><span class=\"span3-title\">Solicitar m\u00e1s informaci\u00f3n &gt;<\/span><\/a><\/h3>\n<\/div>\n<p>[\/vc_column_text][\/vc_column_inner][vc_column_inner width=\u00bb1\/3&#8243;][vc_single_image image=\u00bb773&#8243; img_size=\u00bbfull\u00bb el_class=\u00bbdiv-bottom-0&#8243;][\/vc_column_inner][\/vc_row_inner][\/vc_column][\/vc_row][vc_row full_width=\u00bbstretch_row\u00bb css=\u00bb.vc_custom_1628848509240{background-image: url(https:\/\/www.grupovima.com\/residencial-las-terrazas\/wp-content\/uploads\/2021\/08\/franja_planos.png?id=687) !important;}\u00bb el_class=\u00bbbackgroud-full-right backgroud-full-responsive div-top-0&#8243;][vc_column offset=\u00bbvc_hidden-lg vc_hidden-md vc_hidden-sm\u00bb][vc_row_inner el_class=\u00bbdiv-bottom-0&#8243;][vc_column_inner width=\u00bb1\/3&#8243;][vc_single_image image=\u00bb771&#8243; img_size=\u00bbfull\u00bb el_class=\u00bbdiv-bottom-0&#8243;][\/vc_column_inner][vc_column_inner width=\u00bb1\/3&#8243;][vc_single_image image=\u00bb773&#8243; img_size=\u00bbfull\u00bb el_class=\u00bbdiv-bottom-0&#8243;][\/vc_column_inner][vc_column_inner width=\u00bb1\/3&#8243;][vc_column_text el_class=\u00bbdiv-vima-2&#8243;]<\/p>\n<div class=\"div-bg-gris div-bg-gris-font-small\">\n<div class=\"div-bg-border\" style=\"text-align: left;\">\n<p>Desde los salones, abiertos a las terrazas <strong>apergoladas<\/strong>, se accede a la terraza superior, con <strong>espectaculares vistas al Montg\u00f3<\/strong> de J\u00e1vea.<br \/>\nEn la parte superior, la terraza se extiende de forma di\u00e1fana <strong>alrededor de una p\u00e9rgola central.<\/strong><br \/>\nIncluye garaje y trasteros con acceso directo a la planta.<\/p>\n<p>Superf. constru\u00edda: <strong>110 m2<\/strong><br \/>\nSuperf. \u00fatil: <strong>81 m2<\/strong><br \/>\nSup. terrazas y p\u00e9rgolas: <strong>112 m2<\/strong><\/p>\n<\/div>\n<\/div>\n<p>[\/vc_column_text][vc_column_text]<\/p>\n<div style=\"text-align: center;\">\n<h3 class=\"h3-title-link\"><a href=\"https:\/\/www.grupovima.com\/residencial-las-terrazas\/contacto\/\"><span class=\"span3-title\">Solicitar m\u00e1s informaci\u00f3n &gt;<\/span><\/a><\/h3>\n<\/div>\n<p>[\/vc_column_text][\/vc_column_inner][\/vc_row_inner][\/vc_column][\/vc_row][vc_row][vc_column]\r\n<div id=\"ersspace-4\"><\/div><style type=\"text\/css\">#ersspace-4 { height: 20px; }\r\n@media handheld, only screen and (max-width: 767px) {\r\n\t#ersspace-4 { height: 1px; }\r\n}<\/style>[\/vc_column][\/vc_row][vc_row full_width=\u00bbstretch_row\u00bb equal_height=\u00bbyes\u00bb content_placement=\u00bbbottom\u00bb css=\u00bb.vc_custom_1658245566968{background-image: url(https:\/\/www.grupovima.com\/residencial-las-terrazas\/wp-content\/uploads\/2022\/07\/vivienda_jardin_javea.jpg?id=1147) !important;background-position: center !important;background-repeat: no-repeat !important;background-size: cover !important;}\u00bb][vc_column][vc_row_inner][vc_column_inner]\r\n<div id=\"ersspace-5\"><\/div><style type=\"text\/css\">#ersspace-5 { height: 650px; }\r\n@media handheld, only screen and (max-width: 1199px) {\r\n\t#ersspace-5 { height: 450px; }\r\n}\r\n@media handheld, only screen and (max-width: 767px) {\r\n\t#ersspace-5 { height: 300px; }\r\n}<\/style>[\/vc_column_inner][\/vc_row_inner][\/vc_column][\/vc_row][vc_row full_width=\u00bbstretch_row\u00bb css=\u00bb.vc_custom_1628848549740{background-image: url(https:\/\/www.grupovima.com\/residencial-las-terrazas\/wp-content\/uploads\/2021\/08\/franja_planos.png?id=687) !important;}\u00bb el_class=\u00bbbackgroud-full-right backgroud-full-responsive div-top-0&#8243;][vc_column offset=\u00bbvc_hidden-xs\u00bb][vc_row_inner el_class=\u00bbdiv-bottom-0&#8243;][vc_column_inner width=\u00bb1\/3&#8243;]\r\n<div id=\"ersspace-6\"><\/div><style type=\"text\/css\">#ersspace-6 { height: 80px; }\r\n@media handheld, only screen and (max-width: 767px) {\r\n\t#ersspace-6 { height: 10px; }\r\n}<\/style>[vc_column_text el_class=\u00bbdiv-planos\u00bb]<\/p>\n<div class=\"div-text-planos-interior\">\n<h1 class=\"\" style=\"text-align: center;\"><strong>Bajos de 2 y 3 dormitorios<\/strong><\/h1>\n<h2 class=\"\" style=\"text-align: right;\">\u00a03 D. con jard\u00edn y 2 terrazas desde 410.000\u20ac (*)<\/h2>\n<h2 class=\"\" style=\"text-align: right;\">\u00a02 D. con jard\u00edn y 2 terrazas, 295.000\u20ac (*)<\/h2>\n<h1 class=\"\" style=\"text-align: center;\"><strong>S\u00f3lo ya 3 bajos disponibles<br \/>\n<\/strong><\/h1>\n<h2 class=\"\" style=\"text-align: right;\">Portal C Piscina: Bajo B &#8211; 3 Dorm.<\/h2>\n<h2 class=\"\" style=\"text-align: right;\">Portal A : Bajo A &#8211; 3 Dorm.<\/h2>\n<h2 class=\"\" style=\"text-align: right;\">Portal B Central &#8211; 2 Dorm.<\/h2>\n<\/div>\n<p>[\/vc_column_text][\/vc_column_inner][vc_column_inner width=\u00bb1\/3&#8243;][vc_column_text el_class=\u00bbdiv-vima-2&#8243;]<\/p>\n<div class=\"div-bg-gris div-bg-gris-font-small\">\n<div class=\"div-bg-border\" style=\"text-align: left;\">\n<p>De la terraza al jard\u00edn y desde el jard\u00edn a la terraza. M\u00e1s que una vivienda en J\u00e1vea, un estilo de vida <strong>abierto al exterior<\/strong>.<br \/>\nLos bajos con jard\u00edn permiten que cada vivienda tenga <strong>una zona verde privativa<\/strong>, y las terrazas opuestas permiten elegir un momento de sol o de sombra para desayunar, comer o cenar.<\/p>\n<p>Superf. constru\u00edda:<strong> 95 m2 \/ 130 m2 \/ 134 m2<\/strong><br \/>\nSuperf. \u00fatil: <strong>62 m2 \/<\/strong> <strong>78 m2<\/strong><br \/>\nSuperf. jard\u00edn y terrazas: <strong>49 m2 \/ 76 m2<\/strong> \/ <strong>196 m2<\/strong><\/p>\n<\/div>\n<\/div>\n<p>[\/vc_column_text][vc_column_text]<\/p>\n<div style=\"text-align: center;\">\n<h3 class=\"h3-title-link\"><a href=\"https:\/\/www.grupovima.com\/residencial-las-terrazas\/contacto\/\"><span class=\"span3-title\">Solicitar m\u00e1s informaci\u00f3n &gt;<\/span><\/a><\/h3>\n<\/div>\n<p>[\/vc_column_text][\/vc_column_inner][vc_column_inner width=\u00bb1\/3&#8243;][vc_single_image image=\u00bb775&#8243; img_size=\u00bbfull\u00bb el_class=\u00bbdiv-bottom-0&#8243;][\/vc_column_inner][\/vc_row_inner][\/vc_column][\/vc_row][vc_row full_width=\u00bbstretch_row\u00bb equal_height=\u00bbyes\u00bb content_placement=\u00bbbottom\u00bb css=\u00bb.vc_custom_1658591667287{background-image: url(https:\/\/www.grupovima.com\/residencial-las-terrazas\/wp-content\/uploads\/2022\/07\/promocion_javea_piscina_vista_general.jpg?id=1208) !important;background-position: center !important;background-repeat: no-repeat !important;background-size: cover !important;}\u00bb][vc_column][vc_row_inner][vc_column_inner]\r\n<div id=\"ersspace-7\"><\/div><style type=\"text\/css\">#ersspace-7 { height: 650px; }\r\n@media handheld, only screen and (max-width: 1199px) {\r\n\t#ersspace-7 { height: 450px; }\r\n}\r\n@media handheld, only screen and (max-width: 767px) {\r\n\t#ersspace-7 { height: 300px; }\r\n}<\/style>[\/vc_column_inner][\/vc_row_inner][\/vc_column][\/vc_row][vc_row full_width=\u00bbstretch_row\u00bb css=\u00bb.vc_custom_1628848549740{background-image: url(https:\/\/www.grupovima.com\/residencial-las-terrazas\/wp-content\/uploads\/2021\/08\/franja_planos.png?id=687) !important;}\u00bb el_class=\u00bbbackgroud-full-right backgroud-full-responsive div-top-0&#8243;][vc_column offset=\u00bbvc_hidden-lg vc_hidden-md vc_hidden-sm\u00bb][vc_row_inner el_class=\u00bbdiv-bottom-0&#8243;][vc_column_inner width=\u00bb1\/3&#8243;]\r\n<div id=\"ersspace-8\"><\/div><style type=\"text\/css\">#ersspace-8 { height: 150px; }\r\n@media handheld, only screen and (max-width: 767px) {\r\n\t#ersspace-8 { height: 10px; }\r\n}<\/style>[vc_column_text el_class=\u00bbdiv-planos\u00bb]<\/p>\n<div class=\"div-text-planos-interior\">\n<h1 class=\"\" style=\"text-align: center;\"><strong>Bajos de 3 dormitorios<\/strong><\/h1>\n<h2 class=\"\" style=\"text-align: right;\">con jard\u00edn y 2 terrazas:<br \/>\n<span style=\"margin-top: 6px; display: block;\">desde 410.000\u20ac (*)<\/span><\/h2>\n<h1 class=\"\" style=\"text-align: center;\"><strong>S\u00f3lo ya 2 bajos disponibles<br \/>\n<\/strong><\/h1>\n<h2 class=\"\" style=\"text-align: right;\">Portal C Piscina: Bajo B<br \/>\nPortal A : Bajo A<\/h2>\n<\/div>\n<p>[\/vc_column_text][\/vc_column_inner][vc_column_inner width=\u00bb1\/3&#8243;][vc_single_image image=\u00bb775&#8243; img_size=\u00bbfull\u00bb el_class=\u00bbdiv-bottom-0&#8243;][\/vc_column_inner][vc_column_inner width=\u00bb1\/3&#8243;][vc_column_text el_class=\u00bbdiv-vima-2&#8243;]<\/p>\n<div class=\"div-bg-gris div-bg-gris-font-small\">\n<div class=\"div-bg-border\" style=\"text-align: left;\">\n<p>De la terraza al jard\u00edn y desde el jard\u00edn a la terraza. M\u00e1s que una vivienda en J\u00e1vea, un estilo de vida <strong>abierto al exterior<\/strong>.<br \/>\nLos bajos con jard\u00edn permiten que cada vivienda tenga <strong>una zona verde privativa<\/strong>, y las terrazas opuestas permiten elegir un momento de sol o de sombra para desayunar, comer o cenar.<\/p>\n<p>Superf. constru\u00edda: <strong>134 m2<\/strong><br \/>\nSuperf. \u00fatil: <strong>78 m2<\/strong><br \/>\nSuperf. jard\u00edn y terrazas: <strong>196 m2<\/strong><\/p>\n<\/div>\n<\/div>\n<p>[\/vc_column_text][vc_column_text]<\/p>\n<div style=\"text-align: center;\">\n<h3 class=\"h3-title-link\"><a href=\"https:\/\/www.grupovima.com\/residencial-las-terrazas\/contacto\/\"><span class=\"span3-title\">Solicitar m\u00e1s informaci\u00f3n &gt;<\/span><\/a><\/h3>\n<\/div>\n<p>[\/vc_column_text][\/vc_column_inner][\/vc_row_inner][\/vc_column][\/vc_row][vc_row][\/vc_row][vc_row][vc_column]\r\n<div id=\"ersspace-9\"><\/div><style type=\"text\/css\">#ersspace-9 { height: 20px; }\r\n@media handheld, only screen and (max-width: 767px) {\r\n\t#ersspace-9 { height: 1px; }\r\n}<\/style>[\/vc_column][\/vc_row][vc_row full_width=\u00bbstretch_row\u00bb css=\u00bb.vc_custom_1628848527054{background-image: url(https:\/\/www.grupovima.com\/residencial-las-terrazas\/wp-content\/uploads\/2021\/08\/franja_planos.png?id=687) !important;}\u00bb el_class=\u00bbbackgroud-full-right backgroud-full-responsive div-top-0&#8243;][vc_column offset=\u00bbvc_hidden-xs\u00bb][vc_row_inner el_class=\u00bbdiv-bottom-0&#8243;][vc_column_inner width=\u00bb1\/3&#8243;]\r\n<div id=\"ersspace-10\"><\/div><style type=\"text\/css\">#ersspace-10 { height: 170px; }\r\n@media handheld, only screen and (max-width: 767px) {\r\n\t#ersspace-10 { height: 10px; }\r\n}<\/style>[vc_column_text el_class=\u00bbdiv-planos\u00bb]<\/p>\n<div class=\"div-text-planos-interior\">\n<h1 class=\"\" style=\"text-align: center;\"><strong>Viviendas de 2 y 3 dormitorios<\/strong><\/h1>\n<h2 class=\"\" style=\"text-align: center;\">con terraza: desde 285.000\u20ac <span class=\"font-iva\" style=\"font-size: 16px;\">(*)<\/span><\/h2>\n<h1 class=\"\" style=\"text-align: center;\"><strong>S\u00f3lo ya 2 disponibles: <\/strong><\/h1>\n<h2 style=\"text-align: center;\"><span class=\"font-iva\">2 Dorm.: Portal B Central: 1\u00baB \/ Portal C Piscina: 1\u00baA <\/span><\/h2>\n<\/div>\n<p>[\/vc_column_text][\/vc_column_inner][vc_column_inner width=\u00bb1\/3&#8243;][vc_column_text el_class=\u00bbdiv-vima-2&#8243;]<\/p>\n<div class=\"div-bg-gris div-bg-gris-font-small\">\n<div class=\"div-bg-border\" style=\"text-align: left;\">\n<p>Una distribuci\u00f3n <strong>muy pr\u00e1ctica<\/strong>, para aprovechar bien el espacio. Y para aprovechar tambi\u00e9n el tiempo en lo que importa: estar con los dem\u00e1s, disfrutar de las horas, o simplemente sentarse en el sof\u00e1 <strong>para ver bajar la tarde<\/strong> de J\u00e1vea. O en la terraza, con los naranjos y los verdes setos que tapizan los caminos que van subiendo al Montg\u00f3.<br \/>\nIncluye igualmente <strong>garaje y trastero<\/strong> con acceso directo a la planta.<\/p>\n<p>Superf. constru\u00edda: <strong>95 m2 \/ 134 m2<\/strong><br \/>\nSuperf. \u00fatil: <strong>62 m2 \/ 78 m2<\/strong><br \/>\nSuperf. terraza: <strong>14,76 m2 \/ 32,18 m2<br \/>\n<\/strong><\/p>\n<\/div>\n<\/div>\n<p>[\/vc_column_text][vc_column_text]<\/p>\n<div style=\"text-align: center;\">\n<h3 class=\"h3-title-link\"><a href=\"https:\/\/www.grupovima.com\/residencial-las-terrazas\/contacto\/\"><span class=\"span3-title\">Solicitar m\u00e1s informaci\u00f3n &gt;<\/span><\/a><\/h3>\n<\/div>\n<p>[\/vc_column_text][\/vc_column_inner][vc_column_inner width=\u00bb1\/3&#8243;][vc_single_image image=\u00bb777&#8243; img_size=\u00bbfull\u00bb el_class=\u00bbdiv-bottom-0&#8243;][\/vc_column_inner][\/vc_row_inner][\/vc_column][\/vc_row][vc_row full_width=\u00bbstretch_row\u00bb css=\u00bb.vc_custom_1628848527054{background-image: url(https:\/\/www.grupovima.com\/residencial-las-terrazas\/wp-content\/uploads\/2021\/08\/franja_planos.png?id=687) !important;}\u00bb el_class=\u00bbbackgroud-full-right backgroud-full-responsive div-top-0&#8243;][vc_column offset=\u00bbvc_hidden-lg vc_hidden-md vc_hidden-sm\u00bb][vc_row_inner el_class=\u00bbdiv-bottom-0&#8243;][vc_column_inner width=\u00bb1\/3&#8243;]\r\n<div id=\"ersspace-11\"><\/div><style type=\"text\/css\">#ersspace-11 { height: 150px; }\r\n@media handheld, only screen and (max-width: 767px) {\r\n\t#ersspace-11 { height: 10px; }\r\n}<\/style>[vc_column_text el_class=\u00bbdiv-planos\u00bb]<\/p>\n<div class=\"div-text-planos-interior\">\n<div class=\"div-text-planos-interior\">\n<h1 class=\"\"><strong>Viviendas de 2 y 3 dormitorios<\/strong><\/h1>\n<h2 class=\"\" style=\"text-align: center;\">con terraza: desde 285.000\u20ac <span class=\"font-iva\">(*)<\/span><\/h2>\n<h1 class=\"\" style=\"text-align: center;\"><strong>S\u00f3lo ya 2 disponibles: <\/strong><\/h1>\n<h2 style=\"text-align: center;\"><span class=\"font-iva\">2 Dorm.: Portal B Central: 1\u00baB \/ Portal C Piscina: 1\u00baA <\/span><\/h2>\n<\/div>\n<\/div>\n<p>[\/vc_column_text][\/vc_column_inner][vc_column_inner width=\u00bb1\/3&#8243;][vc_single_image image=\u00bb777&#8243; img_size=\u00bbfull\u00bb el_class=\u00bbdiv-bottom-0&#8243;][\/vc_column_inner][vc_column_inner width=\u00bb1\/3&#8243;][vc_column_text el_class=\u00bbdiv-vima-2&#8243;]<\/p>\n<div class=\"div-bg-gris div-bg-gris-font-small\">\n<div class=\"div-bg-border\" style=\"text-align: left;\">\n<p>Una distribuci\u00f3n <strong>muy pr\u00e1ctica<\/strong>, para aprovechar bien el espacio. Y para aprovechar tambi\u00e9n el tiempo en lo que importa: estar con los dem\u00e1s, disfrutar de las horas, o simplemente sentarse en el sof\u00e1 <strong>para ver bajar la tarde<\/strong> de J\u00e1vea. O en la terraza, con los naranjos y los verdes setos que tapizan los caminos que van subiendo al Montg\u00f3.<br \/>\nIncluye igualmente <strong>garaje y trastero<\/strong> con acceso directo a la planta.<\/p>\n<p>Superf. constru\u00edda: <strong>95 m2 \/ 134 m2<br \/>\n<\/strong>Superf. \u00fatil: <strong>62 m2 \/ 78 m2<br \/>\n<\/strong>Superf. terraza: <strong>14,76 m2 \/ 32,18 m2<\/strong><\/p>\n<\/div>\n<\/div>\n<p>[\/vc_column_text][vc_column_text]<\/p>\n<div style=\"text-align: center;\">\n<h3 class=\"h3-title-link\"><a href=\"https:\/\/www.grupovima.com\/residencial-las-terrazas\/contacto\/\"><span class=\"span3-title\">Solicitar m\u00e1s informaci\u00f3n &gt;<\/span><\/a><\/h3>\n<\/div>\n<p>[\/vc_column_text][\/vc_column_inner][\/vc_row_inner][\/vc_column][\/vc_row][vc_row][vc_column width=\u00bb2\/12&#8243;][\/vc_column][vc_column width=\u00bb8\/12&#8243;][vc_column_text]<\/p>\n<p class=\"s-description\" style=\"text-align: center;\">(*) Estos precios no incluyen el IVA.<\/p>\n<p>[\/vc_column_text][\/vc_column][vc_column width=\u00bb2\/12&#8243;][\/vc_column][\/vc_row]<\/p>\n<\/div>","protected":false},"excerpt":{"rendered":"<p>[vc_row][vc_column][vc_row_inner][vc_column_inner][\/vc_column_inner][\/vc_row_inner][\/vc_column][\/vc_row][vc_row][vc_column width=\u00bb2\/12&#8243;][\/vc_column][vc_column width=\u00bb8\/12&#8243;][vc_column_text] En nuestra promoci\u00f3n de obra nueva en J\u00e1vea tenemos desde \u00e1ticos hasta bajos con jard\u00edn; si busca una amplia vivienda en J\u00e1vea, las<span class=\"excerpt-hellip\"> [\u2026]<\/span><\/p>\n","protected":false},"author":1,"featured_media":0,"parent":0,"menu_order":0,"comment_status":"closed","ping_status":"closed","template":"","meta":{"footnotes":""},"class_list":["post-312","page","type-page","status-publish","hentry"],"yoast_head":"<!-- This site is optimized with the Yoast SEO plugin v24.5 - https:\/\/yoast.com\/wordpress\/plugins\/seo\/ -->\n<title>Residencial Las Terrazas - Viviendas - Apartamentos en J\u00e1vea - Planos<\/title>\n<meta name=\"description\" content=\"Venta de viviendas, apartamentos, d\u00faplex y \u00e1ticos con terrazas, piscina, jard\u00edn y garaje en J\u00e1vea. Promoci\u00f3n inmobiliaria en J\u00e1vea.\" \/>\n<meta name=\"robots\" content=\"index, follow, max-snippet:-1, max-image-preview:large, max-video-preview:-1\" \/>\n<link rel=\"canonical\" href=\"https:\/\/www.grupovima.com\/residencial-las-terrazas\/viviendas-javea\/\" \/>\n<meta property=\"og:locale\" content=\"es_ES\" \/>\n<meta property=\"og:type\" content=\"article\" \/>\n<meta property=\"og:title\" content=\"Residencial Las Terrazas - Viviendas - Apartamentos en J\u00e1vea - Planos\" \/>\n<meta property=\"og:description\" content=\"Venta de viviendas, apartamentos, d\u00faplex y \u00e1ticos con terrazas, piscina, jard\u00edn y garaje en J\u00e1vea. Promoci\u00f3n inmobiliaria en J\u00e1vea.\" \/>\n<meta property=\"og:url\" content=\"https:\/\/www.grupovima.com\/residencial-las-terrazas\/viviendas-javea\/\" \/>\n<meta property=\"og:site_name\" content=\"Grupo Vima\" \/>\n<meta property=\"article:modified_time\" content=\"2023-03-02T17:24:42+00:00\" \/>\n<meta property=\"og:image\" content=\"https:\/\/www.grupovima.com\/residencial-las-terrazas\/wp-content\/uploads\/2021\/08\/imagen_redes_sociales_web.jpg\" \/>\n<meta name=\"twitter:card\" content=\"summary_large_image\" \/>\n<meta name=\"twitter:label1\" content=\"Tiempo de lectura\" \/>\n\t<meta name=\"twitter:data1\" content=\"10 minutos\" \/>\n<script type=\"application\/ld+json\" class=\"yoast-schema-graph\">{\"@context\":\"https:\/\/schema.org\",\"@graph\":[{\"@type\":\"WebPage\",\"@id\":\"https:\/\/www.grupovima.com\/residencial-las-terrazas\/viviendas-javea\/\",\"url\":\"https:\/\/www.grupovima.com\/residencial-las-terrazas\/viviendas-javea\/\",\"name\":\"Residencial Las Terrazas - Viviendas - Apartamentos en J\u00e1vea - Planos\",\"isPartOf\":{\"@id\":\"https:\/\/www.grupovima.com\/residencial-las-terrazas\/en\/#website\"},\"datePublished\":\"2017-08-22T09:48:28+00:00\",\"dateModified\":\"2023-03-02T17:24:42+00:00\",\"description\":\"Venta de viviendas, apartamentos, d\u00faplex y \u00e1ticos con terrazas, piscina, jard\u00edn y garaje en J\u00e1vea. Promoci\u00f3n inmobiliaria en J\u00e1vea.\",\"breadcrumb\":{\"@id\":\"https:\/\/www.grupovima.com\/residencial-las-terrazas\/viviendas-javea\/#breadcrumb\"},\"inLanguage\":\"es\",\"potentialAction\":[{\"@type\":\"ReadAction\",\"target\":[\"https:\/\/www.grupovima.com\/residencial-las-terrazas\/viviendas-javea\/\"]}]},{\"@type\":\"BreadcrumbList\",\"@id\":\"https:\/\/www.grupovima.com\/residencial-las-terrazas\/viviendas-javea\/#breadcrumb\",\"itemListElement\":[{\"@type\":\"ListItem\",\"position\":1,\"name\":\"Home\",\"item\":\"https:\/\/www.grupovima.com\/residencial-las-terrazas\/\"},{\"@type\":\"ListItem\",\"position\":2,\"name\":\"Viviendas\"}]},{\"@type\":\"WebSite\",\"@id\":\"https:\/\/www.grupovima.com\/residencial-las-terrazas\/en\/#website\",\"url\":\"https:\/\/www.grupovima.com\/residencial-las-terrazas\/en\/\",\"name\":\"Grupo Vima\",\"description\":\"Construcci\u00f3n y venta de viviendas en J\u00e1vea,  Madrid y en la Costa Blanca\",\"potentialAction\":[{\"@type\":\"SearchAction\",\"target\":{\"@type\":\"EntryPoint\",\"urlTemplate\":\"https:\/\/www.grupovima.com\/residencial-las-terrazas\/en\/?s={search_term_string}\"},\"query-input\":{\"@type\":\"PropertyValueSpecification\",\"valueRequired\":true,\"valueName\":\"search_term_string\"}}],\"inLanguage\":\"es\"}]}<\/script>\n<!-- \/ Yoast SEO plugin. -->","yoast_head_json":{"title":"Residencial Las Terrazas - Viviendas - Apartamentos en J\u00e1vea - Planos","description":"Venta de viviendas, apartamentos, d\u00faplex y \u00e1ticos con terrazas, piscina, jard\u00edn y garaje en J\u00e1vea. Promoci\u00f3n inmobiliaria en J\u00e1vea.","robots":{"index":"index","follow":"follow","max-snippet":"max-snippet:-1","max-image-preview":"max-image-preview:large","max-video-preview":"max-video-preview:-1"},"canonical":"https:\/\/www.grupovima.com\/residencial-las-terrazas\/viviendas-javea\/","og_locale":"es_ES","og_type":"article","og_title":"Residencial Las Terrazas - Viviendas - Apartamentos en J\u00e1vea - Planos","og_description":"Venta de viviendas, apartamentos, d\u00faplex y \u00e1ticos con terrazas, piscina, jard\u00edn y garaje en J\u00e1vea. Promoci\u00f3n inmobiliaria en J\u00e1vea.","og_url":"https:\/\/www.grupovima.com\/residencial-las-terrazas\/viviendas-javea\/","og_site_name":"Grupo Vima","article_modified_time":"2023-03-02T17:24:42+00:00","og_image":[{"url":"https:\/\/www.grupovima.com\/residencial-las-terrazas\/wp-content\/uploads\/2021\/08\/imagen_redes_sociales_web.jpg","type":"","width":"","height":""}],"twitter_card":"summary_large_image","twitter_misc":{"Tiempo de lectura":"10 minutos"},"schema":{"@context":"https:\/\/schema.org","@graph":[{"@type":"WebPage","@id":"https:\/\/www.grupovima.com\/residencial-las-terrazas\/viviendas-javea\/","url":"https:\/\/www.grupovima.com\/residencial-las-terrazas\/viviendas-javea\/","name":"Residencial Las Terrazas - Viviendas - Apartamentos en J\u00e1vea - Planos","isPartOf":{"@id":"https:\/\/www.grupovima.com\/residencial-las-terrazas\/en\/#website"},"datePublished":"2017-08-22T09:48:28+00:00","dateModified":"2023-03-02T17:24:42+00:00","description":"Venta de viviendas, apartamentos, d\u00faplex y \u00e1ticos con terrazas, piscina, jard\u00edn y garaje en J\u00e1vea. Promoci\u00f3n inmobiliaria en J\u00e1vea.","breadcrumb":{"@id":"https:\/\/www.grupovima.com\/residencial-las-terrazas\/viviendas-javea\/#breadcrumb"},"inLanguage":"es","potentialAction":[{"@type":"ReadAction","target":["https:\/\/www.grupovima.com\/residencial-las-terrazas\/viviendas-javea\/"]}]},{"@type":"BreadcrumbList","@id":"https:\/\/www.grupovima.com\/residencial-las-terrazas\/viviendas-javea\/#breadcrumb","itemListElement":[{"@type":"ListItem","position":1,"name":"Home","item":"https:\/\/www.grupovima.com\/residencial-las-terrazas\/"},{"@type":"ListItem","position":2,"name":"Viviendas"}]},{"@type":"WebSite","@id":"https:\/\/www.grupovima.com\/residencial-las-terrazas\/en\/#website","url":"https:\/\/www.grupovima.com\/residencial-las-terrazas\/en\/","name":"Grupo Vima","description":"Construcci\u00f3n y venta de viviendas en J\u00e1vea,  Madrid y en la Costa Blanca","potentialAction":[{"@type":"SearchAction","target":{"@type":"EntryPoint","urlTemplate":"https:\/\/www.grupovima.com\/residencial-las-terrazas\/en\/?s={search_term_string}"},"query-input":{"@type":"PropertyValueSpecification","valueRequired":true,"valueName":"search_term_string"}}],"inLanguage":"es"}]}},"_links":{"self":[{"href":"https:\/\/www.grupovima.com\/residencial-las-terrazas\/wp-json\/wp\/v2\/pages\/312","targetHints":{"allow":["GET"]}}],"collection":[{"href":"https:\/\/www.grupovima.com\/residencial-las-terrazas\/wp-json\/wp\/v2\/pages"}],"about":[{"href":"https:\/\/www.grupovima.com\/residencial-las-terrazas\/wp-json\/wp\/v2\/types\/page"}],"author":[{"embeddable":true,"href":"https:\/\/www.grupovima.com\/residencial-las-terrazas\/wp-json\/wp\/v2\/users\/1"}],"replies":[{"embeddable":true,"href":"https:\/\/www.grupovima.com\/residencial-las-terrazas\/wp-json\/wp\/v2\/comments?post=312"}],"version-history":[{"count":130,"href":"https:\/\/www.grupovima.com\/residencial-las-terrazas\/wp-json\/wp\/v2\/pages\/312\/revisions"}],"predecessor-version":[{"id":1325,"href":"https:\/\/www.grupovima.com\/residencial-las-terrazas\/wp-json\/wp\/v2\/pages\/312\/revisions\/1325"}],"wp:attachment":[{"href":"https:\/\/www.grupovima.com\/residencial-las-terrazas\/wp-json\/wp\/v2\/media?parent=312"}],"curies":[{"name":"wp","href":"https:\/\/api.w.org\/{rel}","templated":true}]}}