{"id":387,"date":"2017-08-23T09:04:51","date_gmt":"2017-08-23T08:04:51","guid":{"rendered":"http:\/\/grupovima.com\/?page_id=387"},"modified":"2022-07-21T22:02:23","modified_gmt":"2022-07-21T21:02:23","slug":"contacto","status":"publish","type":"page","link":"https:\/\/www.grupovima.com\/residencial-las-terrazas\/contacto\/","title":{"rendered":"Contacto"},"content":{"rendered":"<div class=\"wpb-content-wrapper\"><p>[vc_row full_width=\u00bbstretch_row\u00bb equal_height=\u00bbyes\u00bb css=\u00bb.vc_custom_1628585789383{background-position: center !important;background-repeat: no-repeat !important;background-size: cover !important;}\u00bb el_class=\u00bbvc_hidden-xs\u00bb][vc_column][vc_row_inner][vc_column_inner offset=\u00bbvc_hidden-xs\u00bb]\r\n<div id=\"ersspace-1\"><\/div><style type=\"text\/css\">#ersspace-1 { height: 44px; }\r\n@media handheld, only screen and (max-width: 767px) {\r\n\t#ersspace-1 { height: 0px; }\r\n}<\/style>[\/vc_column_inner][\/vc_row_inner][\/vc_column][\/vc_row][vc_row full_width=\u00bbstretch_row\u00bb equal_height=\u00bbyes\u00bb content_placement=\u00bbbottom\u00bb css=\u00bb.vc_custom_1658231140917{background-image: url(https:\/\/www.grupovima.com\/residencial-las-terrazas\/wp-content\/uploads\/2022\/07\/residencial_terrazas_vista_apto_planta2.jpg?id=1113) !important;background-position: center !important;background-repeat: no-repeat !important;background-size: cover !important;}\u00bb][vc_column][vc_row_inner][vc_column_inner]\r\n<div id=\"ersspace-2\"><\/div><style type=\"text\/css\">#ersspace-2 { height: 650px; }\r\n@media handheld, only screen and (max-width: 1199px) {\r\n\t#ersspace-2 { height: 450px; }\r\n}\r\n@media handheld, only screen and (max-width: 767px) {\r\n\t#ersspace-2 { height: 300px; }\r\n}<\/style>[\/vc_column_inner][\/vc_row_inner][\/vc_column][\/vc_row][vc_row full_width=\u00bbstretch_row_content\u00bb el_id=\u00bbfoto_viviendas\u00bb][vc_column offset=\u00bbvc_hidden-sm vc_hidden-xs\u00bb][vc_single_image image=\u00bb835&#8243; img_size=\u00bbfull\u00bb alignment=\u00bbcenter\u00bb][\/vc_column][\/vc_row][vc_row full_width=\u00bbstretch_row_content\u00bb css=\u00bb.vc_custom_1634215567836{margin-top: 20px !important;}\u00bb][vc_column offset=\u00bbvc_hidden-lg vc_hidden-md\u00bb][vc_single_image image=\u00bb834&#8243; img_size=\u00bbfull\u00bb alignment=\u00bbcenter\u00bb][\/vc_column][\/vc_row][vc_row full_width=\u00bbstretch_row_content_no_spaces\u00bb el_class=\u00bbdiv-top-0&#8243;][vc_column][vc_row_inner el_id=\u00bbresidencial-las-terrazas-javea-contacto-mapa\u00bb][vc_column_inner]<script>function google_maps_6a9917502c407(){var latlng = new google.maps.LatLng(38.77635435825823,0.18253579759104033);var draggable = true;var myOptions = {zoom\t\t\t\t: 16,center\t\t\t\t: latlng,mapTypeId\t\t\t: google.maps.MapTypeId.ROADMAP,draggable\t\t\t: draggable,zoomControl\t\t\t: true,mapTypeControl\t\t: false,streetViewControl\t: false,scrollwheel\t\t\t: false};var map = new google.maps.Map(document.getElementById(\"google-map-area-6a9917502c407\"), myOptions);var marker = new google.maps.Marker({position\t\t\t: latlng,icon\t: \"https:\/\/www.grupovima.com\/residencial-las-terrazas\/wp-content\/uploads\/2017\/08\/arrow-contact.png\",map\t\t\t\t\t: map});var marker1 = new google.maps.Marker({position\t\t\t: new google.maps.LatLng(38.77635435825823,0.18253579759104033),icon\t: \"https:\/\/www.grupovima.com\/residencial-las-terrazas\/wp-content\/uploads\/2017\/08\/arrow-contact.png\",map\t\t\t\t\t: map});}jQuery(document).ready(function($){google_maps_6a9917502c407();});<\/script>\n<div class=\"google-map-wrapper no_border\"><div class=\"google-map\" id=\"google-map-area-6a9917502c407\" style=\"width:100%; height:450px;\">&nbsp;<\/div><\/div>\n[\/vc_column_inner][\/vc_row_inner][\/vc_column][\/vc_row][vc_row][vc_column width=\u00bb4\/12&#8243;][vc_column_text el_class=\u00bbdiv-contacto\u00bb]<\/p>\n<h1 class=\"font-mr-medium\">Aproveche las ventajas de pre-reservar su vivienda.<\/h1>\n<h2 class=\"font-mr-regular\"><span class=\"green-color-2\">Contacte con nosotros para conocer los detalles y las ventajas de la reserva anticipada en los tel\u00e9fonos siguientes o rellenando el formulario.<\/span><\/h2>\n<p>&nbsp;<\/p>\n<p>C\/Benarribat<br \/>\n03730- Jav\u00e9a, Alicante<br \/>\nTel.: 666 512 064<\/p>\n<h2 class=\"font-mr-medium\"><span class=\"green-color-2\">Grupo Vima<\/span><\/h2>\n<p>C\/Atocha N\u00ba 70, 2\u00baB, 28012 Madrid<br \/>\nTel.: 915 61 33 00<br \/>\nPromueve: APOSAN, S.A.[\/vc_column_text][\/vc_column][vc_column width=\u00bb8\/12&#8243; el_id=\u00bbcolumn-contact\u00bb]\n<div class=\"wpcf7 no-js\" id=\"wpcf7-f59-o1\" lang=\"en-US\" dir=\"ltr\" data-wpcf7-id=\"59\">\n<div class=\"screen-reader-response\"><p role=\"status\" aria-live=\"polite\" aria-atomic=\"true\"><\/p> <ul><\/ul><\/div>\n<form action=\"\/residencial-las-terrazas\/wp-json\/wp\/v2\/pages\/387#wpcf7-f59-o1\" method=\"post\" class=\"wpcf7-form init\" aria-label=\"Contact form\" novalidate=\"novalidate\" data-status=\"init\">\n<div style=\"display: none;\">\n<input type=\"hidden\" name=\"_wpcf7\" value=\"59\" \/>\n<input type=\"hidden\" name=\"_wpcf7_version\" value=\"6.0.4\" \/>\n<input type=\"hidden\" name=\"_wpcf7_locale\" value=\"en_US\" \/>\n<input type=\"hidden\" name=\"_wpcf7_unit_tag\" value=\"wpcf7-f59-o1\" \/>\n<input type=\"hidden\" name=\"_wpcf7_container_post\" value=\"0\" \/>\n<input type=\"hidden\" name=\"_wpcf7_posted_data_hash\" value=\"\" \/>\n<input type=\"hidden\" name=\"_wpcf7_recaptcha_response\" value=\"\" \/>\n<\/div>\n<div class=\"column one-second\">\n\t<p><span class=\"wpcf7-form-control-wrap\" data-name=\"your-name\"><input size=\"40\" maxlength=\"400\" class=\"wpcf7-form-control wpcf7-text wpcf7-validates-as-required\" aria-required=\"true\" aria-invalid=\"false\" placeholder=\"Nombre*\" value=\"\" type=\"text\" name=\"your-name\" \/><\/span>\n\t<\/p>\n<\/div>\n<div class=\"column one-second\">\n\t<p><span class=\"wpcf7-form-control-wrap\" data-name=\"your-email\"><input size=\"40\" maxlength=\"400\" class=\"wpcf7-form-control wpcf7-email wpcf7-validates-as-required wpcf7-text wpcf7-validates-as-email\" aria-required=\"true\" aria-invalid=\"false\" placeholder=\"Email*\" value=\"\" type=\"email\" name=\"your-email\" \/><\/span>\n\t<\/p>\n<\/div>\n<div class=\"column one-second\">\n\t<p><span class=\"wpcf7-form-control-wrap\" data-name=\"phone\"><input size=\"40\" maxlength=\"400\" class=\"wpcf7-form-control wpcf7-text wpcf7-validates-as-required\" aria-required=\"true\" aria-invalid=\"false\" placeholder=\"Tel\u00e9fono*\" value=\"\" type=\"text\" name=\"phone\" \/><\/span>\n\t<\/p>\n<\/div>\n<div class=\"column one-second\">\n\t<p><span class=\"wpcf7-form-control-wrap\" data-name=\"your-subject\"><input size=\"40\" maxlength=\"400\" class=\"wpcf7-form-control wpcf7-text\" aria-invalid=\"false\" placeholder=\"Asunto\" value=\"\" type=\"text\" name=\"your-subject\" \/><\/span>\n\t<\/p>\n<\/div>\n<div class=\"column one\">\n\t<p><span class=\"wpcf7-form-control-wrap\" data-name=\"your-message\"><textarea cols=\"40\" rows=\"6\" maxlength=\"2000\" class=\"wpcf7-form-control wpcf7-textarea\" aria-invalid=\"false\" placeholder=\"Mensaje*\" name=\"your-message\"><\/textarea><\/span>\n\t<\/p>\n<\/div>\n<div class=\"column one\">\n\t<p><span id=\"wpcf7-6a99175038d4e-wrapper\" class=\"wpcf7-form-control-wrap web-url-website-wrap\" style=\"display:none !important; visibility:hidden !important;\"><label for=\"wpcf7-6a99175038d4e-field\" class=\"hp-message\">Please leave this field empty.<\/label><input id=\"wpcf7-6a99175038d4e-field\"  class=\"wpcf7-form-control wpcf7-text\" type=\"text\" name=\"web-url-website\" value=\"\" size=\"40\" tabindex=\"-1\" autocomplete=\"new-password\" \/><\/span>\n\t<\/p>\n\t<p class=\"p-contact\">Los campos con * son obligatorios.\n\t<\/p>\n<\/div>\n<p class=\"acceptance\"><span class=\"wpcf7-form-control-wrap\" data-name=\"acceptance-29\"><span class=\"wpcf7-form-control wpcf7-acceptance\"><span class=\"wpcf7-list-item\"><label><input type=\"checkbox\" name=\"acceptance-29\" value=\"1\" aria-invalid=\"false\" \/><span class=\"wpcf7-list-item-label\">He le\u00eddo y acepto <a href=\"https:\/\/www.grupovima.com\/residencial-las-terrazas\/nota-legal\/\" target=\"_blank\">la pol\u00edtica de privacidad<\/a><\/span><\/label><\/span><\/span><\/span>\n<\/p>\n<div class=\"column one\">\n\t<p><input class=\"wpcf7-form-control wpcf7-submit has-spinner button_full_width\" type=\"submit\" value=\"Enviar mensaje\" \/>\n\t<\/p>\n<\/div>\n<style>\n.grecaptcha-badge {\n\tdisplay: block;\n}\n<\/style><div class=\"wpcf7-response-output\" aria-hidden=\"true\"><\/div>\n<\/form>\n<\/div>\n[vc_column_text]<\/p>\n<table style=\"border: solid 1px #D9D9D9; font-size: 13px;\" border=\"1\" width=\"90%\">\n<tbody>\n<tr>\n<th style=\"color: white; background: #d0d0d0; text-align: left;\" colspan=\"2\">Informaci\u00f3n b\u00e1sica sobre Protecci\u00f3n de Datos<\/th>\n<\/tr>\n<tr>\n<td style=\"text-align: left; padding-left: 5px; padding-right: 5px; font-weight: bold;\">Responsable<\/td>\n<td style=\"text-align: left; padding-left: 5px; padding-right: 5px;\">APOSAN, S.A.<\/td>\n<\/tr>\n<tr>\n<td style=\"text-align: left; padding-left: 5px; padding-right: 5px; font-weight: bold;\">Finalidad<\/td>\n<td style=\"text-align: left; padding-left: 5px; padding-right: 5px;\">Poder dar respuesta a la informaci\u00f3n solicitada, as\u00ed como facilitar informaci\u00f3n de productos o servicios de su inter\u00e9s.<\/td>\n<\/tr>\n<tr>\n<td style=\"text-align: left; padding-left: 5px; padding-right: 5px; font-weight: bold;\">Legitimaci\u00f3n<\/td>\n<td style=\"text-align: left; padding-left: 5px; padding-right: 5px;\">Consentimiento del interesado.<\/td>\n<\/tr>\n<tr>\n<td style=\"text-align: left; padding-left: 5px; padding-right: 5px; font-weight: bold;\">Destinatarios<\/td>\n<td style=\"text-align: left; padding-left: 5px; padding-right: 5px;\">Los datos recogidos en este formulario no se ceder\u00e1n a terceros, salvo obligaci\u00f3n legal.<\/td>\n<\/tr>\n<tr>\n<td style=\"text-align: left; padding-left: 5px; padding-right: 5px; font-weight: bold;\">Derechos<\/td>\n<td style=\"text-align: left; padding-left: 5px; padding-right: 5px;\">Tiene derecho a acceder, rectificar y suprimir los datos, as\u00ed como otros derechos, como se explica en la informaci\u00f3n adicional.<\/td>\n<\/tr>\n<tr>\n<td style=\"text-align: left; padding-left: 5px; padding-right: 5px; font-weight: bold;\">Ubicaci\u00f3n<\/td>\n<td style=\"text-align: left; padding-left: 5px; padding-right: 5px;\">Puede consultar la informaci\u00f3n adicional y detallada sobre Protecci\u00f3n de Datos en nuestra p\u00e1gina web: <a href=\"https:\/\/www.grupovima.com\/residencial-las-terrazas\/nota-legal\/\">https:\/\/www.grupovima.com\/residencial-las-terrazas\/nota-legal\/<\/a><\/td>\n<\/tr>\n<\/tbody>\n<\/table>\n<p>[\/vc_column_text][\/vc_column][\/vc_row]<\/p>\n<\/div>","protected":false},"excerpt":{"rendered":"<p>[vc_row full_width=\u00bbstretch_row\u00bb equal_height=\u00bbyes\u00bb css=\u00bb.vc_custom_1628585789383{background-position: center !important;background-repeat: no-repeat !important;background-size: cover !important;}\u00bb el_class=\u00bbvc_hidden-xs\u00bb][vc_column][vc_row_inner][vc_column_inner offset=\u00bbvc_hidden-xs\u00bb][\/vc_column_inner][\/vc_row_inner][\/vc_column][\/vc_row][vc_row full_width=\u00bbstretch_row\u00bb equal_height=\u00bbyes\u00bb content_placement=\u00bbbottom\u00bb css=\u00bb.vc_custom_1658231140917{background-image: url(https:\/\/www.grupovima.com\/residencial-las-terrazas\/wp-content\/uploads\/2022\/07\/residencial_terrazas_vista_apto_planta2.jpg?id=1113) !important;background-position: center !important;background-repeat: no-repeat !important;background-size: cover !important;}\u00bb][vc_column][vc_row_inner][vc_column_inner][\/vc_column_inner][\/vc_row_inner][\/vc_column][\/vc_row][vc_row full_width=\u00bbstretch_row_content\u00bb el_id=\u00bbfoto_viviendas\u00bb][vc_column<span class=\"excerpt-hellip\"> [\u2026]<\/span><\/p>\n","protected":false},"author":1,"featured_media":0,"parent":0,"menu_order":0,"comment_status":"closed","ping_status":"closed","template":"page-contacto.php","meta":{"footnotes":""},"class_list":["post-387","page","type-page","status-publish","hentry"],"yoast_head":"<!-- This site is optimized with the Yoast SEO plugin v24.5 - https:\/\/yoast.com\/wordpress\/plugins\/seo\/ -->\n<title>Residencial Las Terrazas - Viviendas - Apartamentos en J\u00e1vea - Contacto<\/title>\n<meta name=\"description\" content=\"Contacta con los apartamentos, d\u00faplex y \u00e1ticos con terrazas, piscina, jard\u00edn y garaje en J\u00e1vea. Residencial Las Terrazas. Promoci\u00f3n inmobiliaria en J\u00e1vea.\" \/>\n<meta name=\"robots\" content=\"index, follow, max-snippet:-1, max-image-preview:large, max-video-preview:-1\" \/>\n<link rel=\"canonical\" href=\"https:\/\/www.grupovima.com\/residencial-las-terrazas\/contacto\/\" \/>\n<meta property=\"og:locale\" content=\"es_ES\" \/>\n<meta property=\"og:type\" content=\"article\" \/>\n<meta property=\"og:title\" content=\"Residencial Las Terrazas - Viviendas - Apartamentos en J\u00e1vea - Contacto\" \/>\n<meta property=\"og:description\" content=\"Contacta con los apartamentos, d\u00faplex y \u00e1ticos con terrazas, piscina, jard\u00edn y garaje en J\u00e1vea. Residencial Las Terrazas. Promoci\u00f3n inmobiliaria en J\u00e1vea.\" \/>\n<meta property=\"og:url\" content=\"https:\/\/www.grupovima.com\/residencial-las-terrazas\/contacto\/\" \/>\n<meta property=\"og:site_name\" content=\"Grupo Vima\" \/>\n<meta property=\"article:modified_time\" content=\"2022-07-21T21:02:23+00:00\" \/>\n<meta property=\"og:image\" content=\"https:\/\/www.grupovima.com\/residencial-las-terrazas\/wp-content\/uploads\/2021\/08\/imagen_redes_sociales_web.jpg\" \/>\n<meta name=\"twitter:card\" content=\"summary_large_image\" \/>\n<meta name=\"twitter:label1\" content=\"Tiempo de lectura\" \/>\n\t<meta name=\"twitter:data1\" content=\"2 minutos\" \/>\n<script type=\"application\/ld+json\" class=\"yoast-schema-graph\">{\"@context\":\"https:\/\/schema.org\",\"@graph\":[{\"@type\":\"WebPage\",\"@id\":\"https:\/\/www.grupovima.com\/residencial-las-terrazas\/contacto\/\",\"url\":\"https:\/\/www.grupovima.com\/residencial-las-terrazas\/contacto\/\",\"name\":\"Residencial Las Terrazas - Viviendas - Apartamentos en J\u00e1vea - Contacto\",\"isPartOf\":{\"@id\":\"https:\/\/www.grupovima.com\/residencial-las-terrazas\/en\/#website\"},\"datePublished\":\"2017-08-23T08:04:51+00:00\",\"dateModified\":\"2022-07-21T21:02:23+00:00\",\"description\":\"Contacta con los apartamentos, d\u00faplex y \u00e1ticos con terrazas, piscina, jard\u00edn y garaje en J\u00e1vea. Residencial Las Terrazas. Promoci\u00f3n inmobiliaria en J\u00e1vea.\",\"breadcrumb\":{\"@id\":\"https:\/\/www.grupovima.com\/residencial-las-terrazas\/contacto\/#breadcrumb\"},\"inLanguage\":\"es\",\"potentialAction\":[{\"@type\":\"ReadAction\",\"target\":[\"https:\/\/www.grupovima.com\/residencial-las-terrazas\/contacto\/\"]}]},{\"@type\":\"BreadcrumbList\",\"@id\":\"https:\/\/www.grupovima.com\/residencial-las-terrazas\/contacto\/#breadcrumb\",\"itemListElement\":[{\"@type\":\"ListItem\",\"position\":1,\"name\":\"Home\",\"item\":\"https:\/\/www.grupovima.com\/residencial-las-terrazas\/\"},{\"@type\":\"ListItem\",\"position\":2,\"name\":\"Contacto\"}]},{\"@type\":\"WebSite\",\"@id\":\"https:\/\/www.grupovima.com\/residencial-las-terrazas\/en\/#website\",\"url\":\"https:\/\/www.grupovima.com\/residencial-las-terrazas\/en\/\",\"name\":\"Grupo Vima\",\"description\":\"Construcci\u00f3n y venta de viviendas en J\u00e1vea,  Madrid y en la Costa Blanca\",\"potentialAction\":[{\"@type\":\"SearchAction\",\"target\":{\"@type\":\"EntryPoint\",\"urlTemplate\":\"https:\/\/www.grupovima.com\/residencial-las-terrazas\/en\/?s={search_term_string}\"},\"query-input\":{\"@type\":\"PropertyValueSpecification\",\"valueRequired\":true,\"valueName\":\"search_term_string\"}}],\"inLanguage\":\"es\"}]}<\/script>\n<!-- \/ Yoast SEO plugin. -->","yoast_head_json":{"title":"Residencial Las Terrazas - Viviendas - Apartamentos en J\u00e1vea - Contacto","description":"Contacta con los apartamentos, d\u00faplex y \u00e1ticos con terrazas, piscina, jard\u00edn y garaje en J\u00e1vea. Residencial Las Terrazas. Promoci\u00f3n inmobiliaria en J\u00e1vea.","robots":{"index":"index","follow":"follow","max-snippet":"max-snippet:-1","max-image-preview":"max-image-preview:large","max-video-preview":"max-video-preview:-1"},"canonical":"https:\/\/www.grupovima.com\/residencial-las-terrazas\/contacto\/","og_locale":"es_ES","og_type":"article","og_title":"Residencial Las Terrazas - Viviendas - Apartamentos en J\u00e1vea - Contacto","og_description":"Contacta con los apartamentos, d\u00faplex y \u00e1ticos con terrazas, piscina, jard\u00edn y garaje en J\u00e1vea. Residencial Las Terrazas. Promoci\u00f3n inmobiliaria en J\u00e1vea.","og_url":"https:\/\/www.grupovima.com\/residencial-las-terrazas\/contacto\/","og_site_name":"Grupo Vima","article_modified_time":"2022-07-21T21:02:23+00:00","og_image":[{"url":"https:\/\/www.grupovima.com\/residencial-las-terrazas\/wp-content\/uploads\/2021\/08\/imagen_redes_sociales_web.jpg","type":"","width":"","height":""}],"twitter_card":"summary_large_image","twitter_misc":{"Tiempo de lectura":"2 minutos"},"schema":{"@context":"https:\/\/schema.org","@graph":[{"@type":"WebPage","@id":"https:\/\/www.grupovima.com\/residencial-las-terrazas\/contacto\/","url":"https:\/\/www.grupovima.com\/residencial-las-terrazas\/contacto\/","name":"Residencial Las Terrazas - Viviendas - Apartamentos en J\u00e1vea - Contacto","isPartOf":{"@id":"https:\/\/www.grupovima.com\/residencial-las-terrazas\/en\/#website"},"datePublished":"2017-08-23T08:04:51+00:00","dateModified":"2022-07-21T21:02:23+00:00","description":"Contacta con los apartamentos, d\u00faplex y \u00e1ticos con terrazas, piscina, jard\u00edn y garaje en J\u00e1vea. Residencial Las Terrazas. Promoci\u00f3n inmobiliaria en J\u00e1vea.","breadcrumb":{"@id":"https:\/\/www.grupovima.com\/residencial-las-terrazas\/contacto\/#breadcrumb"},"inLanguage":"es","potentialAction":[{"@type":"ReadAction","target":["https:\/\/www.grupovima.com\/residencial-las-terrazas\/contacto\/"]}]},{"@type":"BreadcrumbList","@id":"https:\/\/www.grupovima.com\/residencial-las-terrazas\/contacto\/#breadcrumb","itemListElement":[{"@type":"ListItem","position":1,"name":"Home","item":"https:\/\/www.grupovima.com\/residencial-las-terrazas\/"},{"@type":"ListItem","position":2,"name":"Contacto"}]},{"@type":"WebSite","@id":"https:\/\/www.grupovima.com\/residencial-las-terrazas\/en\/#website","url":"https:\/\/www.grupovima.com\/residencial-las-terrazas\/en\/","name":"Grupo Vima","description":"Construcci\u00f3n y venta de viviendas en J\u00e1vea,  Madrid y en la Costa Blanca","potentialAction":[{"@type":"SearchAction","target":{"@type":"EntryPoint","urlTemplate":"https:\/\/www.grupovima.com\/residencial-las-terrazas\/en\/?s={search_term_string}"},"query-input":{"@type":"PropertyValueSpecification","valueRequired":true,"valueName":"search_term_string"}}],"inLanguage":"es"}]}},"_links":{"self":[{"href":"https:\/\/www.grupovima.com\/residencial-las-terrazas\/wp-json\/wp\/v2\/pages\/387","targetHints":{"allow":["GET"]}}],"collection":[{"href":"https:\/\/www.grupovima.com\/residencial-las-terrazas\/wp-json\/wp\/v2\/pages"}],"about":[{"href":"https:\/\/www.grupovima.com\/residencial-las-terrazas\/wp-json\/wp\/v2\/types\/page"}],"author":[{"embeddable":true,"href":"https:\/\/www.grupovima.com\/residencial-las-terrazas\/wp-json\/wp\/v2\/users\/1"}],"replies":[{"embeddable":true,"href":"https:\/\/www.grupovima.com\/residencial-las-terrazas\/wp-json\/wp\/v2\/comments?post=387"}],"version-history":[{"count":87,"href":"https:\/\/www.grupovima.com\/residencial-las-terrazas\/wp-json\/wp\/v2\/pages\/387\/revisions"}],"predecessor-version":[{"id":1157,"href":"https:\/\/www.grupovima.com\/residencial-las-terrazas\/wp-json\/wp\/v2\/pages\/387\/revisions\/1157"}],"wp:attachment":[{"href":"https:\/\/www.grupovima.com\/residencial-las-terrazas\/wp-json\/wp\/v2\/media?parent=387"}],"curies":[{"name":"wp","href":"https:\/\/api.w.org\/{rel}","templated":true}]}}