{"id":80,"date":"2017-08-18T10:45:09","date_gmt":"2017-08-18T10:45:09","guid":{"rendered":"http:\/\/grupovima.com\/?page_id=80"},"modified":"2024-10-09T11:01:36","modified_gmt":"2024-10-09T10:01:36","slug":"inicio","status":"publish","type":"page","link":"https:\/\/www.grupovima.com\/residencial-las-terrazas\/","title":{"rendered":"Inicio"},"content":{"rendered":"<div class=\"wpb-content-wrapper\"><p>[vc_row full_width=\u00bbstretch_row\u00bb equal_height=\u00bbyes\u00bb css=\u00bb.vc_custom_1628585789383{background-position: center !important;background-repeat: no-repeat !important;background-size: cover !important;}\u00bb el_class=\u00bbvc_hidden-xs\u00bb][vc_column][vc_row_inner][vc_column_inner offset=\u00bbvc_hidden-xs\u00bb]\r\n<div id=\"ersspace-1\"><\/div><style type=\"text\/css\">#ersspace-1 { height: 40px; }\r\n@media handheld, only screen and (max-width: 767px) {\r\n\t#ersspace-1 { height: 0px; }\r\n}<\/style>[\/vc_column_inner][\/vc_row_inner][\/vc_column][\/vc_row][vc_row full_width=\u00bbstretch_row\u00bb el_class=\u00bbbackgroud-full-left- backgroud-full-responsive padding-0&#8243; css=\u00bb.vc_custom_1628586804871{background-image: url(https:\/\/www.grupovima.com\/residencial-las-terrazas\/wp-content\/uploads\/2021\/08\/franja_fondo.png?id=563) !important;}\u00bb][vc_column][vc_row_inner el_class=\u00bbdiv-bottom-0&#8243;][vc_column_inner offset=\u00bbvc_hidden-sm vc_hidden-xs\u00bb][vc_single_image image=\u00bb1347&#8243; img_size=\u00bbfull\u00bb alignment=\u00bbcenter\u00bb el_class=\u00bbdiv-bottom-0&#8243;][\/vc_column_inner][\/vc_row_inner][\/vc_column][\/vc_row][vc_row full_width=\u00bbstretch_row\u00bb equal_height=\u00bbyes\u00bb content_placement=\u00bbbottom\u00bb css=\u00bb.vc_custom_1698766066967{background-image: url(https:\/\/www.grupovima.com\/residencial-las-terrazas\/wp-content\/uploads\/2023\/10\/residencial_terrazas_vista_100_vendido_1620.jpg?id=1349) !important;background-position: center !important;background-repeat: no-repeat !important;background-size: cover !important;}\u00bb][vc_column offset=\u00bbvc_hidden-lg vc_hidden-md\u00bb][vc_row_inner][vc_column_inner]\r\n<div id=\"ersspace-2\"><\/div><style type=\"text\/css\">#ersspace-2 { height: 650px; }\r\n@media handheld, only screen and (max-width: 1199px) {\r\n\t#ersspace-2 { height: 450px; }\r\n}\r\n@media handheld, only screen and (max-width: 767px) {\r\n\t#ersspace-2 { height: 220px; }\r\n}<\/style>[\/vc_column_inner][\/vc_row_inner][\/vc_column][\/vc_row][vc_row el_class=\u00bbdiv-ajustar-top\u00bb][vc_column][vc_column_text][\/vc_column_text][vc_row_inner][vc_column_inner width=\u00bb7\/12&#8243; css=\u00bb.vc_custom_1628593093153{background-position: 0 0 !important;background-repeat: no-repeat !important;}\u00bb][vc_column_text el_class=\u00bbdiv-vima-2&#8243;]<\/p>\n<div class=\"div-bg-gris\">\n<div class=\"div-bg-border\" style=\"text-align: right;\">\n<p>\u00bfTerrazas abiertas a los <strong>huertos del Arenal <\/strong>de J\u00e1vea? \u00bf\u00c1ticos <strong>con solarium<\/strong>?<br \/>\n\u00bfO bajos con porches <strong>ajardinados<\/strong>?<br \/>\nEn cualquiera de ellos, los aromas de los frutales bajan por los caminos que llevan desde los huertos hasta el casco antiguo de J\u00e1vea y <strong>el Montg\u00f3, al norte<\/strong>. Todas las viviendas tienen enfrente un tapiz de caminos y <strong>vergeles protegidos<\/strong>.<br \/>\nA\u00fan puede elegir.<\/p>\n<p>&nbsp;<\/p><\/div>\n<\/div>\n<p>[\/vc_column_text][\/vc_column_inner][vc_column_inner width=\u00bb5\/12&#8243;][vc_column_text]<\/p>\n<div class=\"s-div\">\n<div class=\"s-top\"><\/div>\n<h3 class=\"s-title\"><strong>100% de las viviendas ya vendidas<br \/>\n<\/strong><\/h3>\n<p><strong>Solo 16 viviendas<\/strong> de 2 a 4 dormitorios, con terraza y plazas de garaje, en un<strong>a exclusiva finca con piscina.<\/strong><\/p>\n<p>Edificio Eficiente <img decoding=\"async\" class=\"img-eficiente img-vertical-align-middle size-full wp-image-96\" title=\"Edificio eficiente B\" src=\"https:\/\/grupovima.com\/wp-content\/uploads\/2017\/08\/eficiente-b.png\" alt=\"Edificio eficiente B\" \/><\/p>\n<h3 class=\"h3-title-link\"><a href=\"https:\/\/www.grupovima.com\/residencial-las-terrazas\/viviendas-javea\/\"><span class=\"span3-title\">Las Viviendas<\/span><\/a><\/h3>\n<h3 class=\"h3-title-link\"><a href=\"https:\/\/www.grupovima.com\/residencial-las-terrazas\/contacto\/\"><span class=\"span3-title\">M\u00e1s informaci\u00f3n<\/span><\/a><\/h3>\n<\/div>\n<p>[\/vc_column_text][\/vc_column_inner][\/vc_row_inner][\/vc_column][\/vc_row][vc_row][vc_column offset=\u00bbvc_hidden-sm vc_hidden-xs\u00bb]\r\n<div id=\"ersspace-3\"><\/div><style type=\"text\/css\">#ersspace-3 { height: 15px; }<\/style>[vc_single_image image=\u00bb835&#8243; img_size=\u00bbfull\u00bb][\/vc_column][\/vc_row][vc_row full_width=\u00bbstretch_row_content_no_spaces\u00bb][vc_column offset=\u00bbvc_hidden-lg vc_hidden-md\u00bb][vc_single_image image=\u00bb834&#8243; img_size=\u00bbfull\u00bb alignment=\u00bbcenter\u00bb][\/vc_column][\/vc_row][vc_row][vc_column width=\u00bb1\/2&#8243; el_class=\u00bbdiv-responsive-center\u00bb][vc_column_text]<\/p>\n<div class=\"s-div-\">\n<h3 class=\"h3-title-link\" style=\"width: 250px;\"><span class=\"span3-title\">Fotos obra terminada: 30-06-24<\/span><\/h3>\n<\/div>\n<p>[\/vc_column_text][vc_single_image image=\u00bb1381&#8243; img_size=\u00bb400&#215;533&#8243;][vc_single_image image=\u00bb1389&#8243; img_size=\u00bb450&#215;338&#8243;][vc_single_image image=\u00bb1379&#8243; img_size=\u00bb450&#215;338&#8243;][vc_single_image image=\u00bb1387&#8243; img_size=\u00bb500&#215;286&#8243;][\/vc_column][vc_column width=\u00bb1\/2&#8243;][vc_column_text][\/vc_column_text][vc_single_image image=\u00bb1385&#8243; img_size=\u00bb400&#215;533&#8243;][vc_column_text][\/vc_column_text][vc_empty_space height=\u00bb3px\u00bb][vc_single_image image=\u00bb1377&#8243; img_size=\u00bb450&#215;338&#8243;][vc_single_image image=\u00bb1383&#8243; img_size=\u00bb450&#215;338&#8243;][\/vc_column][\/vc_row][vc_row][vc_column width=\u00bb1\/2&#8243; el_class=\u00bbdiv-responsive-center\u00bb][vc_column_text]<\/p>\n<div class=\"s-div-\">\n<h3 class=\"h3-title-link\" style=\"width: 250px;\"><span class=\"span3-title\">En Construcci\u00f3n: <\/span><span class=\"span3-title\">31-10-23<\/span><\/h3>\n<\/div>\n<p>[\/vc_column_text][vc_single_image image=\u00bb1372&#8243; img_size=\u00bbfull\u00bb][vc_single_image image=\u00bb1366&#8243; img_size=\u00bbfull\u00bb][vc_column_text]<\/p>\n<div class=\"s-div-\">\n<h3 class=\"h3-title-link\" style=\"width: 250px;\"><span class=\"span3-title\">01-03-23<\/span><\/h3>\n<\/div>\n<p>[\/vc_column_text][vc_single_image image=\u00bb1313&#8243; img_size=\u00bbfull\u00bb][\/vc_column][vc_column width=\u00bb1\/2&#8243; el_class=\u00bbdiv-responsive-center\u00bb][vc_column_text]<\/p>\n<div class=\"s-div-\">\n<h3 class=\"h3-title-link\"><span class=\"span3-title\">31-10-23<\/span><\/h3>\n<\/div>\n<p>[\/vc_column_text][vc_single_image image=\u00bb1362&#8243; img_size=\u00bbfull\u00bb][vc_single_image image=\u00bb1369&#8243; img_size=\u00bbfull\u00bb][vc_column_text]<\/p>\n<div class=\"s-div-\">\n<h3 class=\"h3-title-link\"><span class=\"span3-title\">01-02-23<\/span><\/h3>\n<\/div>\n<p>[\/vc_column_text][vc_single_image image=\u00bb1315&#8243; img_size=\u00bbfull\u00bb][\/vc_column][\/vc_row][vc_row css=\u00bb.vc_custom_1677782489031{margin-top: 0px !important;margin-bottom: 0px !important;border-top-width: 0px !important;border-bottom-width: 0px !important;}\u00bb][vc_column css=\u00bb.vc_custom_1677836559775{margin-top: 0px !important;margin-bottom: 0px !important;border-top-width: 0px !important;border-bottom-width: 0px !important;padding-top: 0px !important;padding-bottom: 0px !important;}\u00bb offset=\u00bbvc_hidden-sm vc_hidden-xs\u00bb el_class=\u00bbdiv-responsive-center\u00bb][vc_single_image image=\u00bb1326&#8243; img_size=\u00bbfull\u00bb][\/vc_column][\/vc_row][vc_row full_width=\u00bbstretch_row_content_no_spaces\u00bb][vc_column offset=\u00bbvc_hidden-lg vc_hidden-md\u00bb][vc_single_image image=\u00bb1335&#8243; img_size=\u00bbfull\u00bb alignment=\u00bbcenter\u00bb][\/vc_column][\/vc_row]<\/p>\n<\/div>","protected":false},"excerpt":{"rendered":"<p>[vc_row full_width=\u00bbstretch_row\u00bb equal_height=\u00bbyes\u00bb css=\u00bb.vc_custom_1628585789383{background-position: center !important;background-repeat: no-repeat !important;background-size: cover !important;}\u00bb el_class=\u00bbvc_hidden-xs\u00bb][vc_column][vc_row_inner][vc_column_inner offset=\u00bbvc_hidden-xs\u00bb][\/vc_column_inner][\/vc_row_inner][\/vc_column][\/vc_row][vc_row full_width=\u00bbstretch_row\u00bb el_class=\u00bbbackgroud-full-left- backgroud-full-responsive padding-0&#8243; css=\u00bb.vc_custom_1628586804871{background-image: url(https:\/\/www.grupovima.com\/residencial-las-terrazas\/wp-content\/uploads\/2021\/08\/franja_fondo.png?id=563) !important;}\u00bb][vc_column][vc_row_inner el_class=\u00bbdiv-bottom-0&#8243;][vc_column_inner offset=\u00bbvc_hidden-sm vc_hidden-xs\u00bb][vc_single_image image=\u00bb1347&#8243; img_size=\u00bbfull\u00bb alignment=\u00bbcenter\u00bb el_class=\u00bbdiv-bottom-0&#8243;][\/vc_column_inner][\/vc_row_inner][\/vc_column][\/vc_row][vc_row<span class=\"excerpt-hellip\"> [\u2026]<\/span><\/p>\n","protected":false},"author":1,"featured_media":0,"parent":0,"menu_order":0,"comment_status":"closed","ping_status":"closed","template":"","meta":{"footnotes":""},"class_list":["post-80","page","type-page","status-publish","hentry"],"yoast_head":"<!-- This site is optimized with the Yoast SEO plugin v24.5 - https:\/\/yoast.com\/wordpress\/plugins\/seo\/ -->\n<title>Residencial Las Terrazas - Viviendas - Apartamentos en J\u00e1vea<\/title>\n<meta name=\"description\" content=\"Viviendas, Apartamentos, d\u00faplex y \u00e1ticos con terrazas, piscina, jard\u00edn y garaje en J\u00e1vea. Residencial Las Terrazas. Promoci\u00f3n inmobiliaria en J\u00e1vea.\" \/>\n<meta name=\"robots\" content=\"index, follow, max-snippet:-1, max-image-preview:large, max-video-preview:-1\" \/>\n<link rel=\"canonical\" href=\"https:\/\/www.grupovima.com\/residencial-las-terrazas\/\" \/>\n<meta property=\"og:locale\" content=\"es_ES\" \/>\n<meta property=\"og:type\" content=\"article\" \/>\n<meta property=\"og:title\" content=\"Residencial Las Terrazas - Viviendas - Apartamentos en J\u00e1vea\" \/>\n<meta property=\"og:description\" content=\"Viviendas, Apartamentos, d\u00faplex y \u00e1ticos con terrazas, piscina, jard\u00edn y garaje en J\u00e1vea. Residencial Las Terrazas. Promoci\u00f3n inmobiliaria en J\u00e1vea.\" \/>\n<meta property=\"og:url\" content=\"https:\/\/www.grupovima.com\/residencial-las-terrazas\/\" \/>\n<meta property=\"og:site_name\" content=\"Grupo Vima\" \/>\n<meta property=\"article:modified_time\" content=\"2024-10-09T10:01:36+00:00\" \/>\n<meta property=\"og:image\" content=\"https:\/\/www.grupovima.com\/residencial-las-terrazas\/wp-content\/uploads\/2021\/08\/imagen_redes_sociales_web.jpg\" \/>\n<meta name=\"twitter:card\" content=\"summary_large_image\" \/>\n<meta name=\"twitter:title\" content=\"Terrazas de las Marinas - Viviendas - Grupo VIMA - Costa Blanca - D\u00e9nia\" \/>\n<meta name=\"twitter:label1\" content=\"Tiempo de lectura\" \/>\n\t<meta name=\"twitter:data1\" content=\"2 minutos\" \/>\n<script type=\"application\/ld+json\" class=\"yoast-schema-graph\">{\"@context\":\"https:\/\/schema.org\",\"@graph\":[{\"@type\":\"WebPage\",\"@id\":\"https:\/\/www.grupovima.com\/residencial-las-terrazas\/\",\"url\":\"https:\/\/www.grupovima.com\/residencial-las-terrazas\/\",\"name\":\"Residencial Las Terrazas - Viviendas - Apartamentos en J\u00e1vea\",\"isPartOf\":{\"@id\":\"https:\/\/www.grupovima.com\/residencial-las-terrazas\/en\/#website\"},\"primaryImageOfPage\":{\"@id\":\"https:\/\/www.grupovima.com\/residencial-las-terrazas\/#primaryimage\"},\"image\":{\"@id\":\"https:\/\/www.grupovima.com\/residencial-las-terrazas\/#primaryimage\"},\"thumbnailUrl\":\"https:\/\/grupovima.com\/wp-content\/uploads\/2017\/08\/eficiente-b.png\",\"datePublished\":\"2017-08-18T10:45:09+00:00\",\"dateModified\":\"2024-10-09T10:01:36+00:00\",\"description\":\"Viviendas, Apartamentos, d\u00faplex y \u00e1ticos con terrazas, piscina, jard\u00edn y garaje en J\u00e1vea. Residencial Las Terrazas. Promoci\u00f3n inmobiliaria en J\u00e1vea.\",\"breadcrumb\":{\"@id\":\"https:\/\/www.grupovima.com\/residencial-las-terrazas\/#breadcrumb\"},\"inLanguage\":\"es\",\"potentialAction\":[{\"@type\":\"ReadAction\",\"target\":[\"https:\/\/www.grupovima.com\/residencial-las-terrazas\/\"]}]},{\"@type\":\"ImageObject\",\"inLanguage\":\"es\",\"@id\":\"https:\/\/www.grupovima.com\/residencial-las-terrazas\/#primaryimage\",\"url\":\"https:\/\/grupovima.com\/wp-content\/uploads\/2017\/08\/eficiente-b.png\",\"contentUrl\":\"https:\/\/grupovima.com\/wp-content\/uploads\/2017\/08\/eficiente-b.png\"},{\"@type\":\"BreadcrumbList\",\"@id\":\"https:\/\/www.grupovima.com\/residencial-las-terrazas\/#breadcrumb\",\"itemListElement\":[{\"@type\":\"ListItem\",\"position\":1,\"name\":\"Home\",\"item\":\"https:\/\/www.grupovima.com\/residencial-las-terrazas\/\"},{\"@type\":\"ListItem\",\"position\":2,\"name\":\"Inicio\"}]},{\"@type\":\"WebSite\",\"@id\":\"https:\/\/www.grupovima.com\/residencial-las-terrazas\/en\/#website\",\"url\":\"https:\/\/www.grupovima.com\/residencial-las-terrazas\/en\/\",\"name\":\"Grupo Vima\",\"description\":\"Construcci\u00f3n y venta de viviendas en J\u00e1vea,  Madrid y en la Costa Blanca\",\"potentialAction\":[{\"@type\":\"SearchAction\",\"target\":{\"@type\":\"EntryPoint\",\"urlTemplate\":\"https:\/\/www.grupovima.com\/residencial-las-terrazas\/en\/?s={search_term_string}\"},\"query-input\":{\"@type\":\"PropertyValueSpecification\",\"valueRequired\":true,\"valueName\":\"search_term_string\"}}],\"inLanguage\":\"es\"}]}<\/script>\n<!-- \/ Yoast SEO plugin. -->","yoast_head_json":{"title":"Residencial Las Terrazas - Viviendas - Apartamentos en J\u00e1vea","description":"Viviendas, Apartamentos, d\u00faplex y \u00e1ticos con terrazas, piscina, jard\u00edn y garaje en J\u00e1vea. Residencial Las Terrazas. Promoci\u00f3n inmobiliaria en J\u00e1vea.","robots":{"index":"index","follow":"follow","max-snippet":"max-snippet:-1","max-image-preview":"max-image-preview:large","max-video-preview":"max-video-preview:-1"},"canonical":"https:\/\/www.grupovima.com\/residencial-las-terrazas\/","og_locale":"es_ES","og_type":"article","og_title":"Residencial Las Terrazas - Viviendas - Apartamentos en J\u00e1vea","og_description":"Viviendas, Apartamentos, d\u00faplex y \u00e1ticos con terrazas, piscina, jard\u00edn y garaje en J\u00e1vea. Residencial Las Terrazas. Promoci\u00f3n inmobiliaria en J\u00e1vea.","og_url":"https:\/\/www.grupovima.com\/residencial-las-terrazas\/","og_site_name":"Grupo Vima","article_modified_time":"2024-10-09T10:01:36+00:00","og_image":[{"url":"https:\/\/www.grupovima.com\/residencial-las-terrazas\/wp-content\/uploads\/2021\/08\/imagen_redes_sociales_web.jpg","type":"","width":"","height":""}],"twitter_card":"summary_large_image","twitter_title":"Terrazas de las Marinas - Viviendas - Grupo VIMA - Costa Blanca - D\u00e9nia","twitter_misc":{"Tiempo de lectura":"2 minutos"},"schema":{"@context":"https:\/\/schema.org","@graph":[{"@type":"WebPage","@id":"https:\/\/www.grupovima.com\/residencial-las-terrazas\/","url":"https:\/\/www.grupovima.com\/residencial-las-terrazas\/","name":"Residencial Las Terrazas - Viviendas - Apartamentos en J\u00e1vea","isPartOf":{"@id":"https:\/\/www.grupovima.com\/residencial-las-terrazas\/en\/#website"},"primaryImageOfPage":{"@id":"https:\/\/www.grupovima.com\/residencial-las-terrazas\/#primaryimage"},"image":{"@id":"https:\/\/www.grupovima.com\/residencial-las-terrazas\/#primaryimage"},"thumbnailUrl":"https:\/\/grupovima.com\/wp-content\/uploads\/2017\/08\/eficiente-b.png","datePublished":"2017-08-18T10:45:09+00:00","dateModified":"2024-10-09T10:01:36+00:00","description":"Viviendas, Apartamentos, d\u00faplex y \u00e1ticos con terrazas, piscina, jard\u00edn y garaje en J\u00e1vea. Residencial Las Terrazas. Promoci\u00f3n inmobiliaria en J\u00e1vea.","breadcrumb":{"@id":"https:\/\/www.grupovima.com\/residencial-las-terrazas\/#breadcrumb"},"inLanguage":"es","potentialAction":[{"@type":"ReadAction","target":["https:\/\/www.grupovima.com\/residencial-las-terrazas\/"]}]},{"@type":"ImageObject","inLanguage":"es","@id":"https:\/\/www.grupovima.com\/residencial-las-terrazas\/#primaryimage","url":"https:\/\/grupovima.com\/wp-content\/uploads\/2017\/08\/eficiente-b.png","contentUrl":"https:\/\/grupovima.com\/wp-content\/uploads\/2017\/08\/eficiente-b.png"},{"@type":"BreadcrumbList","@id":"https:\/\/www.grupovima.com\/residencial-las-terrazas\/#breadcrumb","itemListElement":[{"@type":"ListItem","position":1,"name":"Home","item":"https:\/\/www.grupovima.com\/residencial-las-terrazas\/"},{"@type":"ListItem","position":2,"name":"Inicio"}]},{"@type":"WebSite","@id":"https:\/\/www.grupovima.com\/residencial-las-terrazas\/en\/#website","url":"https:\/\/www.grupovima.com\/residencial-las-terrazas\/en\/","name":"Grupo Vima","description":"Construcci\u00f3n y venta de viviendas en J\u00e1vea,  Madrid y en la Costa Blanca","potentialAction":[{"@type":"SearchAction","target":{"@type":"EntryPoint","urlTemplate":"https:\/\/www.grupovima.com\/residencial-las-terrazas\/en\/?s={search_term_string}"},"query-input":{"@type":"PropertyValueSpecification","valueRequired":true,"valueName":"search_term_string"}}],"inLanguage":"es"}]}},"_links":{"self":[{"href":"https:\/\/www.grupovima.com\/residencial-las-terrazas\/wp-json\/wp\/v2\/pages\/80","targetHints":{"allow":["GET"]}}],"collection":[{"href":"https:\/\/www.grupovima.com\/residencial-las-terrazas\/wp-json\/wp\/v2\/pages"}],"about":[{"href":"https:\/\/www.grupovima.com\/residencial-las-terrazas\/wp-json\/wp\/v2\/types\/page"}],"author":[{"embeddable":true,"href":"https:\/\/www.grupovima.com\/residencial-las-terrazas\/wp-json\/wp\/v2\/users\/1"}],"replies":[{"embeddable":true,"href":"https:\/\/www.grupovima.com\/residencial-las-terrazas\/wp-json\/wp\/v2\/comments?post=80"}],"version-history":[{"count":209,"href":"https:\/\/www.grupovima.com\/residencial-las-terrazas\/wp-json\/wp\/v2\/pages\/80\/revisions"}],"predecessor-version":[{"id":1404,"href":"https:\/\/www.grupovima.com\/residencial-las-terrazas\/wp-json\/wp\/v2\/pages\/80\/revisions\/1404"}],"wp:attachment":[{"href":"https:\/\/www.grupovima.com\/residencial-las-terrazas\/wp-json\/wp\/v2\/media?parent=80"}],"curies":[{"name":"wp","href":"https:\/\/api.w.org\/{rel}","templated":true}]}}